{"id":8217,"date":"2025-02-27T10:47:38","date_gmt":"2025-02-27T10:47:38","guid":{"rendered":"https:\/\/natureimpact.com\/?page_id=8217"},"modified":"2025-09-26T08:07:12","modified_gmt":"2025-09-26T08:07:12","slug":"vallby-fritidsgaard","status":"publish","type":"page","link":"https:\/\/natureimpact.com\/sv\/cases\/sedumtak\/vallby-fritidsgaard\/","title":{"rendered":"Vallby Fritidsg\u00e5rd"},"content":{"rendered":"<p><img decoding=\"async\" src=\"\/wp-content\/uploads\/ikon-animeret.gif\" alt=\"\"><\/p>\n<ul>\n<li>\n        <a href=\"\/sv\/sedumtak\/\">Mer om sedumtaket h\u00e4r<\/a>\n    <\/li>\n<li>\n        <a href=\"\/sv\/om-nature-impact\/download-material\/\">Downloads<\/a>\n    <\/li>\n<\/ul>\n<h1>Vallby Fritidsg\u00e5rd<\/h1>\n<h2>Multifunktionell byggnad i V\u00e4ster\u00e5s<br \/>\n<\/h2>\n<div>Vallby Fritidsg\u00e5rd ligger nordv\u00e4st om V\u00e4ster\u00e5s centrum och gr\u00e4nsar till omr\u00e5den som Eriksborg-Hagaberg och Jakobsberg-Pettersberg. Ett av de mest i\u00f6gonfallande inslagen i omr\u00e5det \u00e4r det runda och f\u00e4rgglada huset Paletten. H\u00e4r samsas flera viktiga verksamheter, inklusive en fritidsg\u00e5rd, familjecentrum med barnav\u00e5rdscentral och m\u00f6drav\u00e5rd, \u00f6ppen f\u00f6rskola, kyrka samt kontor f\u00f6r Vallbyprojektet.<\/div>\n<h2>Regnvattenhantering och biologisk m\u00e5ngfald p\u00e5 ett tak<br \/>\n<\/h2>\n<div>\n<p>Byggnaden, ritad av V\u00e4ster\u00e5sarkitekten Olov Gynt, har en tydlig milj\u00f6profil d\u00e4r det h\u00e5llbara sedumtaket spelar en central roll.<\/p>\n<p>F\u00f6rutom att ge taket ett naturligt och levande uttryck bidrar sedumv\u00e4xterna till att \u00f6ka den biologiska m\u00e5ngfalden genom att skapa en naturlig f\u00f6dok\u00e4lla f\u00f6r pollinerande insekter. F\u00f6rutom att bidra till en gr\u00f6nare stadsmilj\u00f6 erbjuder sedumtaket regnvattenhantering. Husets unika design g\u00f6r det till ett landm\u00e4rke i omr\u00e5det, och den smarta planl\u00f6sningen m\u00f6jligg\u00f6r kostnadseffektiv samverkan mellan flera verksamheter.<\/p>\n<\/div>\n<div>\n<p><strong>Fakta<\/strong><br \/>Multifunktionell bygnad med sedum tak<\/p>\n<p><strong>Monterat<\/strong><br \/>2024<\/p>\n<p><strong>Arkitekt<\/strong><br \/>Olov Gynt<\/p>\n<p><strong>Entrepren\u00f6r<\/strong><br \/>Solid Tak AB<\/p>\n<p><strong>Levererat<\/strong><br \/>960 m2 gr\u00f6nt tak<\/p>\n<p><strong>Typ<\/strong><br \/><a href=\"\/sv\/sedumtak\/nature-roof\/\">Nature Roof 60 mm<\/a><\/p>\n<\/div>\n<p><img decoding=\"async\" src=\"\/wp-content\/uploads\/2025\/02\/Vallby_fritidsgaard_5.jpg\" alt=\"\"><\/p>\n<div>\n<p>De 960 m\u00b2 sedumtak monterades p\u00e5 en dag av Solid Tak i maj 2024.<\/p>\n<\/div>\n<ul>\n<li>\n<p>        <img decoding=\"async\" src=\"\/wp-content\/uploads\/2025\/02\/Vallby_fritidsgaard_4.jpg\" alt=\"\"><\/p>\n<h3>04062019-200<\/h3>\n<\/li>\n<li>\n<p>        <img decoding=\"async\" src=\"\/wp-content\/uploads\/2025\/02\/Vallby_fritidsgaard_1.jpg\" alt=\"\"><\/p>\n<h3>04062019-200<\/h3>\n<\/li>\n<li>\n<p>        <img decoding=\"async\" src=\"\/wp-content\/uploads\/2025\/02\/Vallby_fritidsgaard_5.jpg\" alt=\"\"><\/p>\n<h3>04062019-203<\/h3>\n<\/li>\n<li>\n<p>        <img decoding=\"async\" src=\"\/wp-content\/uploads\/2025\/02\/Vallby_fritidsgaard_2.jpg\" alt=\"\"><\/p>\n<h3>04062019-206<\/h3>\n<\/li>\n<\/ul>\n<div>\n<p>        <img decoding=\"async\" src=\"\/wp-content\/uploads\/Download-ikoner_Datablad.svg\" alt=\"\"><\/p>\n<div>Datablad<\/div>\n<p><a href=\"\/pdf\/se\/Datablad_Nature Roof_60 mm_2024_SE.pdf\"><\/a><\/p>\n<\/div>\n<div>\n<p>        <img decoding=\"async\" src=\"\/wp-content\/uploads\/Download-ikoner_EPD.svg\" alt=\"\"><\/p>\n<div>EPD<\/div>\n<p><a href=\"\/pdf\/se\/EPD_Nature Impact_Green roofs.pdf\"><\/a><\/p>\n<\/div>\n<div>\n<p>        <img decoding=\"async\" src=\"\/wp-content\/uploads\/Download-ikoner_Brand.svg\" alt=\"\"><\/p>\n<div>brandcertifikat<\/div>\n<p><a href=\"\/pdf\/se\/60 mm Brandgodkendelse Broof(t2).pdf\"><\/a><\/p>\n<\/div>\n<div>\n<p>        <img decoding=\"async\" src=\"\/wp-content\/uploads\/2024\/11\/Torgny-Henriksson-1024x1024-1.jpg\" alt=\"\"><\/p>\n<h2>Har du fr\u00e5gor om Sedumtak?<\/h2>\n<div>\n<p><strong>Torgny Henriksson<\/strong><\/br>F\u00f6rs\u00e4ljningsansvarig, Sverige<br \/>\n<br \/><a href=\"mailto:th@natureimpact.com\">th@natureimpact.com<\/a><br \/><a href=\"tel:++46709859937\">+46 (0) 709 859 937<\/a><\/p>\n<\/div>\n<\/div>\n<hr>\n<p><!--more--><br \/>\n<!-- {\"type\":\"layout\",\"children\":[{\"type\":\"section\",\"props\":{\"image\":\"wp-content\\\/uploads\\\/2025\\\/02\\\/Vallby_fritidsgaard_1.jpg\",\"image_position\":\"center-center\",\"image_size\":\"cover\",\"padding\":\"large\",\"padding_remove_horizontal\":true,\"style\":\"default\",\"title_breakpoint\":\"xl\",\"title_position\":\"top-left\",\"title_rotation\":\"left\",\"vertical_align\":\"\",\"width\":\"default\"},\"children\":[{\"type\":\"row\",\"children\":[{\"type\":\"column\",\"props\":{\"image_position\":\"center-center\",\"position_sticky_breakpoint\":\"m\"},\"children\":[{\"type\":\"image\",\"props\":{\"animation\":\"parallax\",\"class\":\"uk-visible@s\",\"image\":\"wp-content\\\/uploads\\\/ikon-animeret.gif\",\"image_svg_color\":\"emphasis\",\"image_width\":\"300\",\"margin\":\"\",\"parallax_y\":\"600,600\",\"position\":\"relative\",\"position_bottom\":\"-600\",\"position_left\":\"50\",\"position_z_index\":\"1\",\"text_align\":\"right\"},\"name\":\"Emblem til faktaboks\"}]}]}]},{\"type\":\"section\",\"props\":{\"image_position\":\"center-center\",\"padding\":\"large\",\"padding_remove_top\":true,\"style\":\"default\",\"title_breakpoint\":\"xl\",\"title_position\":\"top-left\",\"title_rotation\":\"left\",\"vertical_align\":\"\",\"width\":\"default\"},\"children\":[{\"type\":\"row\",\"props\":{\"column_gap\":\"large\",\"layout\":\"3-5,2-5\"},\"children\":[{\"type\":\"column\",\"props\":{\"image_position\":\"center-center\",\"padding\":\"large\",\"position_sticky_breakpoint\":\"m\",\"style\":\"tile-default\",\"width_medium\":\"3-5\"},\"children\":[{\"type\":\"subnav\",\"props\":{\"margin\":\"medium\",\"subnav_style\":\"pill\"},\"children\":[{\"type\":\"subnav_item\",\"props\":{\"content\":\"Mer om sedumtaket h\\u00e4r\",\"link\":\"sv\\\/sedumtak\\\/\"}},{\"type\":\"subnav_item\",\"props\":{\"content\":\"Downloads\",\"link\":\"sv\\\/om-nature-impact\\\/download-material\\\/\"}}],\"name\":\"DK - subnav cases sedumtage\"},{\"type\":\"headline\",\"props\":{\"content\":\"Vallby Fritidsg\\u00e5rd\",\"margin\":\"small\",\"margin_remove_bottom\":false,\"title_color\":\"warning\",\"title_element\":\"h1\",\"title_style\":\"heading-small\"}},{\"type\":\"headline\",\"props\":{\"content\":\"Multifunktionell byggnad i V\\u00e4ster\\u00e5s\\n\",\"margin_remove_top\":true,\"title_color\":\"primary\",\"title_element\":\"h2\",\"title_style\":\"h5\"}},{\"type\":\"text\",\"props\":{\"column_breakpoint\":\"m\",\"content\":\"Vallby Fritidsg\\u00e5rd ligger nordv\\u00e4st om V\\u00e4ster\\u00e5s centrum och gr\\u00e4nsar till omr\\u00e5den som Eriksborg-Hagaberg och Jakobsberg-Pettersberg. Ett av de mest i\\u00f6gonfallande inslagen i omr\\u00e5det \\u00e4r det runda och f\\u00e4rgglada huset Paletten. H\\u00e4r samsas flera viktiga verksamheter, inklusive en fritidsg\\u00e5rd, familjecentrum med barnav\\u00e5rdscentral och m\\u00f6drav\\u00e5rd, \\u00f6ppen f\\u00f6rskola, kyrka samt kontor f\\u00f6r Vallbyprojektet.\",\"margin\":\"default\",\"text_color\":\"emphasis\"}},{\"type\":\"headline\",\"props\":{\"content\":\"Regnvattenhantering och biologisk m\\u00e5ngfald p\\u00e5 ett tak\\n\",\"margin_remove_top\":true,\"title_color\":\"primary\",\"title_element\":\"h2\",\"title_style\":\"h5\"}},{\"type\":\"text\",\"props\":{\"column_breakpoint\":\"m\",\"content\":\"\n\n<p>Byggnaden, ritad av V\\u00e4ster\\u00e5sarkitekten Olov Gynt, har en tydlig milj\\u00f6profil d\\u00e4r det h\\u00e5llbara sedumtaket spelar en central roll.<\\\/p>\\n\n\n<p>F\\u00f6rutom att ge taket ett naturligt och levande uttryck bidrar sedumv\\u00e4xterna till att \\u00f6ka den biologiska m\\u00e5ngfalden genom att skapa en naturlig f\\u00f6dok\\u00e4lla f\\u00f6r pollinerande insekter. F\\u00f6rutom att bidra till en gr\\u00f6nare stadsmilj\\u00f6 erbjuder sedumtaket regnvattenhantering. Husets unika design g\\u00f6r det till ett landm\\u00e4rke i omr\\u00e5det, och den smarta planl\\u00f6sningen m\\u00f6jligg\\u00f6r kostnadseffektiv samverkan mellan flera verksamheter.<\\\/p>\",\"margin\":\"default\",\"text_color\":\"emphasis\"}}]},{\"type\":\"column\",\"props\":{\"image_position\":\"center-center\",\"padding\":\"large\",\"position_sticky_breakpoint\":\"m\",\"style\":\"tile-secondary\",\"width_medium\":\"2-5\"},\"children\":[{\"type\":\"fragment\",\"props\":{\"margin\":\"default\"},\"children\":[{\"type\":\"row\",\"props\":{\"layout\":\"5-6,1-6|4-5,1-5\"},\"children\":[{\"type\":\"column\",\"props\":{\"image_position\":\"center-center\",\"position_sticky_breakpoint\":\"m\",\"width_medium\":\"5-6\",\"width_small\":\"4-5\"},\"children\":[{\"type\":\"text\",\"props\":{\"column_breakpoint\":\"m\",\"content\":\"\n\n<p><strong>Fakta<\\\/strong><br \\\/>Multifunktionell bygnad med sedum tak<\\\/p>\\n\n\n<p><strong>Monterat<\\\/strong><br \\\/>2024<\\\/p>\\n\n\n<p><strong>Arkitekt<\\\/strong><br \\\/>Olov Gynt<\\\/p>\\n\n\n<p><strong>Entrepren\\u00f6r<\\\/strong><br \\\/>Solid Tak AB<\\\/p>\\n\n\n<p><strong>Levererat<\\\/strong><br \\\/>960 m2 gr\\u00f6nt tak<\\\/p>\\n\n\n<p><strong>Typ<\\\/strong><br \\\/><a href=\\\"sv\\\/sedumtak\\\/nature-roof\\\/\\\">Nature Roof 60 mm<\\\/a><\\\/p>\",\"margin\":\"default\",\"text_color\":\"emphasis\",\"text_style\":\"large\"}}]},{\"type\":\"column\",\"props\":{\"image_position\":\"center-center\",\"position_sticky_breakpoint\":\"m\",\"width_medium\":\"1-6\",\"width_small\":\"1-5\"}}]}]}]}]},{\"type\":\"row\",\"props\":{\"column_gap\":\"large\",\"layout\":\"3-5,2-5\"},\"children\":[{\"type\":\"column\",\"props\":{\"image_position\":\"center-center\",\"position_sticky_breakpoint\":\"m\",\"width_medium\":\"3-5\"},\"children\":[{\"type\":\"image\",\"props\":{\"image\":\"wp-content\\\/uploads\\\/2025\\\/02\\\/Vallby_fritidsgaard_5.jpg\",\"image_box_decoration\":\"secondary\",\"image_height\":\"900\",\"image_svg_color\":\"emphasis\",\"image_width\":\"800\",\"margin\":\"default\"}}]},{\"type\":\"column\",\"props\":{\"image_position\":\"center-center\",\"position_sticky_breakpoint\":\"m\",\"vertical_align\":\"middle\",\"width_medium\":\"2-5\"},\"children\":[{\"type\":\"text\",\"props\":{\"column_breakpoint\":\"m\",\"content\":\"\n\n<p>De 960 m\\u00b2 sedumtak monterades p\\u00e5 en dag av Solid Tak i maj 2024.<\\\/p>\",\"margin\":\"default\",\"text_color\":\"primary\"}}]}]}]},{\"type\":\"section\",\"props\":{\"height\":\"viewport\",\"height_viewport\":80,\"image\":\"wp-content\\\/uploads\\\/2025\\\/02\\\/Vallby_fritidsgaard_2.jpg\",\"image_position\":\"center-center\",\"image_size\":\"cover\",\"sticky\":\"reveal\",\"style\":\"default\",\"title_breakpoint\":\"xl\",\"title_position\":\"top-left\",\"title_rotation\":\"left\",\"vertical_align\":\"middle\",\"width\":\"\"},\"children\":[{\"type\":\"row\",\"children\":[{\"type\":\"column\",\"props\":{\"image_position\":\"center-center\",\"position_sticky_breakpoint\":\"m\"}}]}]},{\"type\":\"section\",\"props\":{\"image_position\":\"center-center\",\"padding\":\"large\",\"style\":\"default\",\"title_breakpoint\":\"xl\",\"title_position\":\"top-left\",\"title_rotation\":\"left\",\"vertical_align\":\"\",\"width\":\"\"},\"children\":[{\"type\":\"row\",\"children\":[{\"type\":\"column\",\"props\":{\"image_position\":\"center-center\",\"position_sticky_breakpoint\":\"m\"},\"children\":[{\"type\":\"overlay-slider\",\"props\":{\"image_height\":\"800\",\"image_width\":\"800\",\"link_style\":\"default\",\"link_text\":\"Read more\",\"margin\":\"default\",\"meta_align\":\"below-title\",\"meta_element\":\"div\",\"meta_style\":\"text-meta\",\"nav\":\"\",\"nav_align\":\"center\",\"nav_below\":true,\"nav_breakpoint\":\"s\",\"nav_position\":\"bottom-center\",\"nav_position_margin\":\"medium\",\"overlay_mode\":\"cover\",\"overlay_position\":\"center\",\"overlay_transition\":\"fade\",\"show_content\":false,\"show_hover_image\":true,\"show_hover_video\":true,\"show_link\":true,\"show_meta\":false,\"show_title\":false,\"slidenav\":\"default\",\"slidenav_breakpoint\":\"s\",\"slidenav_margin\":\"medium\",\"slidenav_outside_breakpoint\":\"xl\",\"slider_autoplay\":true,\"slider_autoplay_interval\":\"5\",\"slider_autoplay_pause\":true,\"slider_center\":false,\"slider_gap\":\"default\",\"slider_sets\":true,\"slider_width\":\"fixed\",\"slider_width_default\":\"1-1\",\"slider_width_medium\":\"1-3\",\"text_align\":\"center\",\"text_color\":\"light\",\"title_element\":\"h3\",\"title_hover_style\":\"reset\"},\"children\":[{\"type\":\"overlay-slider_item\",\"props\":{\"image\":\"wp-content\\\/uploads\\\/2025\\\/02\\\/Vallby_fritidsgaard_4.jpg\",\"title\":\"04062019-200\"}},{\"type\":\"overlay-slider_item\",\"props\":{\"image\":\"wp-content\\\/uploads\\\/2025\\\/02\\\/Vallby_fritidsgaard_1.jpg\",\"title\":\"04062019-200\"}},{\"type\":\"overlay-slider_item\",\"props\":{\"image\":\"wp-content\\\/uploads\\\/2025\\\/02\\\/Vallby_fritidsgaard_5.jpg\",\"title\":\"04062019-203\"}},{\"type\":\"overlay-slider_item\",\"props\":{\"image\":\"wp-content\\\/uploads\\\/2025\\\/02\\\/Vallby_fritidsgaard_2.jpg\",\"title\":\"04062019-206\"}}]}]}]}]},{\"type\":\"section\",\"props\":{\"id\":\"downloads\",\"image_position\":\"center-center\",\"padding\":\"small\",\"preserve_color\":false,\"style\":\"muted\",\"title_breakpoint\":\"xl\",\"title_position\":\"top-left\",\"title_rotation\":\"left\",\"vertical_align\":\"\",\"width\":\"default\"},\"children\":[{\"type\":\"row\",\"props\":{\"column_gap\":\"large\",\"divider\":true,\"layout\":\"1-2,1-2\"},\"children\":[{\"type\":\"column\",\"props\":{\"image_position\":\"center-center\",\"position_sticky_breakpoint\":\"m\",\"vertical_align\":\"middle\",\"width_medium\":\"1-2\"},\"children\":[{\"type\":\"fragment\",\"props\":{\"margin\":\"default\"},\"children\":[{\"type\":\"row\",\"props\":{\"layout\":\"1-3,1-3,1-3\"},\"children\":[{\"type\":\"column\",\"props\":{\"image_position\":\"center-center\",\"position_sticky_breakpoint\":\"m\",\"width_medium\":\"1-3\"},\"children\":[{\"type\":\"panel\",\"props\":{\"content_column_breakpoint\":\"m\",\"icon_width\":80,\"image\":\"wp-content\\\/uploads\\\/Download-ikoner_Datablad.svg\",\"image_align\":\"top\",\"image_grid_breakpoint\":\"m\",\"image_grid_width\":\"1-2\",\"image_height\":\"50\",\"image_svg_animate\":false,\"image_svg_color\":\"\",\"image_svg_inline\":true,\"image_transition\":\"scale-up\",\"link\":\"\\\/pdf\\\/se\\\/Datablad_Nature Roof_60 mm_2024_SE.pdf\",\"link_style\":\"default\",\"link_text\":\"\",\"margin\":\"default\",\"meta_align\":\"below-title\",\"meta_element\":\"div\",\"meta_style\":\"text-meta\",\"panel_link\":true,\"text_align\":\"center\",\"title\":\"Datablad\",\"title_align\":\"top\",\"title_element\":\"div\",\"title_grid_breakpoint\":\"m\",\"title_grid_width\":\"1-2\",\"title_hover_style\":\"reset\",\"title_style\":\"h5\"},\"name\":\"Datablad\"}]},{\"type\":\"column\",\"props\":{\"image_position\":\"center-center\",\"position_sticky_breakpoint\":\"m\",\"width_medium\":\"1-3\"},\"children\":[{\"type\":\"panel\",\"props\":{\"content_column_breakpoint\":\"m\",\"icon_width\":80,\"image\":\"wp-content\\\/uploads\\\/Download-ikoner_EPD.svg\",\"image_align\":\"top\",\"image_grid_breakpoint\":\"m\",\"image_grid_width\":\"1-2\",\"image_height\":\"50\",\"image_svg_animate\":false,\"image_svg_color\":\"\",\"image_svg_inline\":true,\"image_transition\":\"scale-up\",\"link\":\"\\\/pdf\\\/se\\\/EPD_Nature Impact_Green roofs.pdf\",\"link_style\":\"default\",\"link_text\":\"\",\"margin\":\"default\",\"meta_align\":\"below-title\",\"meta_element\":\"div\",\"meta_style\":\"text-meta\",\"panel_link\":true,\"text_align\":\"center\",\"title\":\"EPD\",\"title_align\":\"top\",\"title_element\":\"div\",\"title_grid_breakpoint\":\"m\",\"title_grid_width\":\"1-2\",\"title_hover_style\":\"reset\",\"title_style\":\"h5\"},\"name\":\"EPD\"}]},{\"type\":\"column\",\"props\":{\"image_position\":\"center-center\",\"position_sticky_breakpoint\":\"m\",\"width_medium\":\"1-3\"},\"children\":[{\"type\":\"panel\",\"props\":{\"content_column_breakpoint\":\"m\",\"icon_width\":80,\"image\":\"wp-content\\\/uploads\\\/Download-ikoner_Brand.svg\",\"image_align\":\"top\",\"image_grid_breakpoint\":\"m\",\"image_grid_width\":\"1-2\",\"image_height\":\"50\",\"image_svg_animate\":false,\"image_svg_color\":\"\",\"image_svg_inline\":true,\"image_transition\":\"scale-up\",\"link\":\"\\\/pdf\\\/se\\\/60 mm Brandgodkendelse Broof(t2).pdf\",\"link_style\":\"default\",\"link_text\":\"\",\"margin\":\"default\",\"meta_align\":\"below-title\",\"meta_element\":\"div\",\"meta_style\":\"text-meta\",\"panel_link\":true,\"text_align\":\"center\",\"title\":\"brandcertifikat\",\"title_align\":\"top\",\"title_element\":\"div\",\"title_grid_breakpoint\":\"m\",\"title_grid_width\":\"1-2\",\"title_hover_style\":\"reset\",\"title_style\":\"h5\"},\"name\":\"Brand\"}]}]}]}]},{\"type\":\"column\",\"props\":{\"image_position\":\"center-center\",\"position_sticky_breakpoint\":\"m\",\"vertical_align\":\"middle\",\"width_medium\":\"1-2\"},\"children\":[{\"type\":\"panel\",\"props\":{\"content\":\"\n\n<p><strong>Torgny Henriksson<\\\/strong><\\\/br>F\\u00f6rs\\u00e4ljningsansvarig, Sverige\\n<br \\\/><a href=\\\"mailto:th@natureimpact.com\\\">th@natureimpact.com<\\\/a><br \\\/><a href=\\\"tel:++46709859937\\\">+46 (0) 709 859 937<\\\/a><\\\/p>\",\"content_column_breakpoint\":\"m\",\"content_margin\":\"small\",\"icon_width\":80,\"image\":\"wp-content\\\/uploads\\\/2024\\\/11\\\/Torgny-Henriksson-1024x1024-1.jpg\",\"image_align\":\"left\",\"image_box_decoration\":\"shadow\",\"image_box_shadow\":\"xlarge\",\"image_grid_breakpoint\":\"m\",\"image_grid_width\":\"1-3\",\"image_loading\":false,\"image_svg_color\":\"emphasis\",\"image_vertical_align\":true,\"link_style\":\"default\",\"link_text\":\"Read more\",\"margin\":\"default\",\"meta_align\":\"below-title\",\"meta_element\":\"div\",\"meta_style\":\"text-meta\",\"panel_image_no_padding\":false,\"title\":\"Har du fr\\u00e5gor om Sedumtak?\",\"title_align\":\"top\",\"title_element\":\"h2\",\"title_grid_breakpoint\":\"m\",\"title_grid_width\":\"1-2\",\"title_hover_style\":\"reset\",\"title_style\":\"h5\"},\"name\":\"SP - bund Torgny Henriksson\"}]}]}],\"name\":\"SV - Download bj\\u00e6lke i bund - roof 60 mm Torgny\"},{\"type\":\"section\",\"props\":{\"image_position\":\"center-center\",\"padding\":\"xsmall\",\"style\":\"primary\",\"title_breakpoint\":\"xl\",\"title_position\":\"top-left\",\"title_rotation\":\"left\",\"vertical_align\":\"middle\",\"width\":\"default\"},\"children\":[{\"type\":\"row\",\"children\":[{\"type\":\"column\",\"props\":{\"image_position\":\"center-center\",\"position_sticky_breakpoint\":\"m\"},\"children\":[{\"type\":\"breadcrumbs\",\"props\":{\"show_current\":true,\"show_home\":true,\"text_align\":\"right\"}},{\"type\":\"divider\",\"props\":{\"divider_element\":\"hr\"}}]}]}],\"name\":\"Br\\u00f8dkrumme over footer\"}],\"version\":\"4.5.5\"} --><\/p>\n","protected":false},"excerpt":{"rendered":"<p>Mer om sedumtaket h\u00e4r Downloads Vallby Fritidsg\u00e5rd Multifunktionell byggnad i V\u00e4ster\u00e5s Vallby Fritidsg\u00e5rd ligger nordv\u00e4st om V\u00e4ster\u00e5s centrum och gr\u00e4nsar till omr\u00e5den som Eriksborg-Hagaberg och Jakobsberg-Pettersberg. Ett av de mest i\u00f6gonfallande inslagen i omr\u00e5det \u00e4r det runda och f\u00e4rgglada huset Paletten. H\u00e4r samsas flera viktiga verksamheter, inklusive en fritidsg\u00e5rd, familjecentrum med barnav\u00e5rdscentral och m\u00f6drav\u00e5rd, \u00f6ppen [&hellip;]<\/p>\n","protected":false},"author":4,"featured_media":0,"parent":4705,"menu_order":0,"comment_status":"closed","ping_status":"closed","template":"","meta":{"_acf_changed":false,"footnotes":""},"class_list":["post-8217","page","type-page","status-publish","hentry"],"acf":[],"yoast_head":"<!-- This site is optimized with the Yoast SEO plugin v27.4 - https:\/\/yoast.com\/product\/yoast-seo-wordpress\/ -->\n<title>Vallby Fritidsg\u00e5rd V\u00e4ster\u00e5s - Gr\u00f6nt sedumtak f\u00f6r h\u00e5llbar arkitektur<\/title>\n<meta name=\"description\" content=\"Vallby Fritidsg\u00e5rd i V\u00e4ster\u00e5s har f\u00e5tt sedumtak fr\u00e5n Nature Impact. Hela taket monterades p\u00e5 en dag med vora moderna backsystem.\" \/>\n<meta name=\"robots\" content=\"index, follow, max-snippet:-1, max-image-preview:large, max-video-preview:-1\" \/>\n<link rel=\"canonical\" href=\"https:\/\/natureimpact.com\/sv\/cases\/sedumtak\/vallby-fritidsgaard\/\" \/>\n<meta property=\"og:locale\" content=\"sv_SE\" \/>\n<meta property=\"og:type\" content=\"article\" \/>\n<meta property=\"og:title\" content=\"Vallby Fritidsg\u00e5rd V\u00e4ster\u00e5s - Gr\u00f6nt sedumtak f\u00f6r h\u00e5llbar arkitektur\" \/>\n<meta property=\"og:description\" content=\"Vallby Fritidsg\u00e5rd i V\u00e4ster\u00e5s har f\u00e5tt sedumtak fr\u00e5n Nature Impact. Hela taket monterades p\u00e5 en dag med vora moderna backsystem.\" \/>\n<meta property=\"og:url\" content=\"https:\/\/natureimpact.com\/sv\/cases\/sedumtak\/vallby-fritidsgaard\/\" \/>\n<meta property=\"og:site_name\" content=\"Nature Impact\" \/>\n<meta property=\"article:modified_time\" content=\"2025-09-26T08:07:12+00:00\" \/>\n<meta property=\"og:image\" content=\"https:\/\/natureimpact.com\/wp-content\/uploads\/2023\/12\/NI_900px.png\" \/>\n\t<meta property=\"og:image:width\" content=\"929\" \/>\n\t<meta property=\"og:image:height\" content=\"841\" \/>\n\t<meta property=\"og:image:type\" content=\"image\/png\" \/>\n<meta name=\"twitter:card\" content=\"summary_large_image\" \/>\n<meta name=\"twitter:label1\" content=\"Ber\u00e4knad l\u00e4stid\" \/>\n\t<meta name=\"twitter:data1\" content=\"4 minuter\" \/>\n<script type=\"application\/ld+json\" class=\"yoast-schema-graph\">{\"@context\":\"https:\\\/\\\/schema.org\",\"@graph\":[{\"@type\":\"WebPage\",\"@id\":\"https:\\\/\\\/natureimpact.com\\\/sv\\\/cases\\\/sedumtak\\\/vallby-fritidsgaard\\\/\",\"url\":\"https:\\\/\\\/natureimpact.com\\\/sv\\\/cases\\\/sedumtak\\\/vallby-fritidsgaard\\\/\",\"name\":\"Vallby Fritidsg\u00e5rd V\u00e4ster\u00e5s - Gr\u00f6nt sedumtak f\u00f6r h\u00e5llbar arkitektur\",\"isPartOf\":{\"@id\":\"https:\\\/\\\/natureimpact.com\\\/sv\\\/#website\"},\"datePublished\":\"2025-02-27T10:47:38+00:00\",\"dateModified\":\"2025-09-26T08:07:12+00:00\",\"description\":\"Vallby Fritidsg\u00e5rd i V\u00e4ster\u00e5s har f\u00e5tt sedumtak fr\u00e5n Nature Impact. Hela taket monterades p\u00e5 en dag med vora moderna backsystem.\",\"breadcrumb\":{\"@id\":\"https:\\\/\\\/natureimpact.com\\\/sv\\\/cases\\\/sedumtak\\\/vallby-fritidsgaard\\\/#breadcrumb\"},\"inLanguage\":\"sv-SE\",\"potentialAction\":[{\"@type\":\"ReadAction\",\"target\":[\"https:\\\/\\\/natureimpact.com\\\/sv\\\/cases\\\/sedumtak\\\/vallby-fritidsgaard\\\/\"]}]},{\"@type\":\"BreadcrumbList\",\"@id\":\"https:\\\/\\\/natureimpact.com\\\/sv\\\/cases\\\/sedumtak\\\/vallby-fritidsgaard\\\/#breadcrumb\",\"itemListElement\":[{\"@type\":\"ListItem\",\"position\":1,\"name\":\"Hem\",\"item\":\"https:\\\/\\\/natureimpact.com\\\/sv\\\/\"},{\"@type\":\"ListItem\",\"position\":2,\"name\":\"Cases\",\"item\":\"https:\\\/\\\/natureimpact.com\\\/sv\\\/cases\\\/\"},{\"@type\":\"ListItem\",\"position\":3,\"name\":\"CASES &#8211; Sedumtak\",\"item\":\"https:\\\/\\\/natureimpact.com\\\/sv\\\/cases\\\/sedumtak\\\/\"},{\"@type\":\"ListItem\",\"position\":4,\"name\":\"Vallby Fritidsg\u00e5rd\"}]},{\"@type\":\"WebSite\",\"@id\":\"https:\\\/\\\/natureimpact.com\\\/sv\\\/#website\",\"url\":\"https:\\\/\\\/natureimpact.com\\\/sv\\\/\",\"name\":\"Nature Impact\",\"description\":\"\",\"publisher\":{\"@id\":\"https:\\\/\\\/natureimpact.com\\\/sv\\\/#organization\"},\"potentialAction\":[{\"@type\":\"SearchAction\",\"target\":{\"@type\":\"EntryPoint\",\"urlTemplate\":\"https:\\\/\\\/natureimpact.com\\\/sv\\\/?s={search_term_string}\"},\"query-input\":{\"@type\":\"PropertyValueSpecification\",\"valueRequired\":true,\"valueName\":\"search_term_string\"}}],\"inLanguage\":\"sv-SE\"},{\"@type\":\"Organization\",\"@id\":\"https:\\\/\\\/natureimpact.com\\\/sv\\\/#organization\",\"name\":\"Nature Impact\",\"url\":\"https:\\\/\\\/natureimpact.com\\\/sv\\\/\",\"logo\":{\"@type\":\"ImageObject\",\"inLanguage\":\"sv-SE\",\"@id\":\"https:\\\/\\\/natureimpact.com\\\/sv\\\/#\\\/schema\\\/logo\\\/image\\\/\",\"url\":\"https:\\\/\\\/natureimpact.com\\\/wp-content\\\/uploads\\\/2025\\\/05\\\/NI_900px.png\",\"contentUrl\":\"https:\\\/\\\/natureimpact.com\\\/wp-content\\\/uploads\\\/2025\\\/05\\\/NI_900px.png\",\"width\":929,\"height\":841,\"caption\":\"Nature Impact\"},\"image\":{\"@id\":\"https:\\\/\\\/natureimpact.com\\\/sv\\\/#\\\/schema\\\/logo\\\/image\\\/\"}}]}<\/script>\n<!-- \/ Yoast SEO plugin. -->","yoast_head_json":{"title":"Vallby Fritidsg\u00e5rd V\u00e4ster\u00e5s - Gr\u00f6nt sedumtak f\u00f6r h\u00e5llbar arkitektur","description":"Vallby Fritidsg\u00e5rd i V\u00e4ster\u00e5s har f\u00e5tt sedumtak fr\u00e5n Nature Impact. Hela taket monterades p\u00e5 en dag med vora moderna backsystem.","robots":{"index":"index","follow":"follow","max-snippet":"max-snippet:-1","max-image-preview":"max-image-preview:large","max-video-preview":"max-video-preview:-1"},"canonical":"https:\/\/natureimpact.com\/sv\/cases\/sedumtak\/vallby-fritidsgaard\/","og_locale":"sv_SE","og_type":"article","og_title":"Vallby Fritidsg\u00e5rd V\u00e4ster\u00e5s - Gr\u00f6nt sedumtak f\u00f6r h\u00e5llbar arkitektur","og_description":"Vallby Fritidsg\u00e5rd i V\u00e4ster\u00e5s har f\u00e5tt sedumtak fr\u00e5n Nature Impact. Hela taket monterades p\u00e5 en dag med vora moderna backsystem.","og_url":"https:\/\/natureimpact.com\/sv\/cases\/sedumtak\/vallby-fritidsgaard\/","og_site_name":"Nature Impact","article_modified_time":"2025-09-26T08:07:12+00:00","og_image":[{"width":929,"height":841,"url":"https:\/\/natureimpact.com\/wp-content\/uploads\/2023\/12\/NI_900px.png","type":"image\/png"}],"twitter_card":"summary_large_image","twitter_misc":{"Ber\u00e4knad l\u00e4stid":"4 minuter"},"schema":{"@context":"https:\/\/schema.org","@graph":[{"@type":"WebPage","@id":"https:\/\/natureimpact.com\/sv\/cases\/sedumtak\/vallby-fritidsgaard\/","url":"https:\/\/natureimpact.com\/sv\/cases\/sedumtak\/vallby-fritidsgaard\/","name":"Vallby Fritidsg\u00e5rd V\u00e4ster\u00e5s - Gr\u00f6nt sedumtak f\u00f6r h\u00e5llbar arkitektur","isPartOf":{"@id":"https:\/\/natureimpact.com\/sv\/#website"},"datePublished":"2025-02-27T10:47:38+00:00","dateModified":"2025-09-26T08:07:12+00:00","description":"Vallby Fritidsg\u00e5rd i V\u00e4ster\u00e5s har f\u00e5tt sedumtak fr\u00e5n Nature Impact. Hela taket monterades p\u00e5 en dag med vora moderna backsystem.","breadcrumb":{"@id":"https:\/\/natureimpact.com\/sv\/cases\/sedumtak\/vallby-fritidsgaard\/#breadcrumb"},"inLanguage":"sv-SE","potentialAction":[{"@type":"ReadAction","target":["https:\/\/natureimpact.com\/sv\/cases\/sedumtak\/vallby-fritidsgaard\/"]}]},{"@type":"BreadcrumbList","@id":"https:\/\/natureimpact.com\/sv\/cases\/sedumtak\/vallby-fritidsgaard\/#breadcrumb","itemListElement":[{"@type":"ListItem","position":1,"name":"Hem","item":"https:\/\/natureimpact.com\/sv\/"},{"@type":"ListItem","position":2,"name":"Cases","item":"https:\/\/natureimpact.com\/sv\/cases\/"},{"@type":"ListItem","position":3,"name":"CASES &#8211; Sedumtak","item":"https:\/\/natureimpact.com\/sv\/cases\/sedumtak\/"},{"@type":"ListItem","position":4,"name":"Vallby Fritidsg\u00e5rd"}]},{"@type":"WebSite","@id":"https:\/\/natureimpact.com\/sv\/#website","url":"https:\/\/natureimpact.com\/sv\/","name":"Nature Impact","description":"","publisher":{"@id":"https:\/\/natureimpact.com\/sv\/#organization"},"potentialAction":[{"@type":"SearchAction","target":{"@type":"EntryPoint","urlTemplate":"https:\/\/natureimpact.com\/sv\/?s={search_term_string}"},"query-input":{"@type":"PropertyValueSpecification","valueRequired":true,"valueName":"search_term_string"}}],"inLanguage":"sv-SE"},{"@type":"Organization","@id":"https:\/\/natureimpact.com\/sv\/#organization","name":"Nature Impact","url":"https:\/\/natureimpact.com\/sv\/","logo":{"@type":"ImageObject","inLanguage":"sv-SE","@id":"https:\/\/natureimpact.com\/sv\/#\/schema\/logo\/image\/","url":"https:\/\/natureimpact.com\/wp-content\/uploads\/2025\/05\/NI_900px.png","contentUrl":"https:\/\/natureimpact.com\/wp-content\/uploads\/2025\/05\/NI_900px.png","width":929,"height":841,"caption":"Nature Impact"},"image":{"@id":"https:\/\/natureimpact.com\/sv\/#\/schema\/logo\/image\/"}}]}},"_links":{"self":[{"href":"https:\/\/natureimpact.com\/sv\/wp-json\/wp\/v2\/pages\/8217","targetHints":{"allow":["GET"]}}],"collection":[{"href":"https:\/\/natureimpact.com\/sv\/wp-json\/wp\/v2\/pages"}],"about":[{"href":"https:\/\/natureimpact.com\/sv\/wp-json\/wp\/v2\/types\/page"}],"author":[{"embeddable":true,"href":"https:\/\/natureimpact.com\/sv\/wp-json\/wp\/v2\/users\/4"}],"replies":[{"embeddable":true,"href":"https:\/\/natureimpact.com\/sv\/wp-json\/wp\/v2\/comments?post=8217"}],"version-history":[{"count":7,"href":"https:\/\/natureimpact.com\/sv\/wp-json\/wp\/v2\/pages\/8217\/revisions"}],"predecessor-version":[{"id":8351,"href":"https:\/\/natureimpact.com\/sv\/wp-json\/wp\/v2\/pages\/8217\/revisions\/8351"}],"up":[{"embeddable":true,"href":"https:\/\/natureimpact.com\/sv\/wp-json\/wp\/v2\/pages\/4705"}],"wp:attachment":[{"href":"https:\/\/natureimpact.com\/sv\/wp-json\/wp\/v2\/media?parent=8217"}],"curies":[{"name":"wp","href":"https:\/\/api.w.org\/{rel}","templated":true}]}}