{"id":4705,"date":"2024-02-09T07:16:00","date_gmt":"2024-02-09T07:16:00","guid":{"rendered":"https:\/\/loving-ardinghelli.77-247-67-170.plesk.page\/?page_id=4705"},"modified":"2025-05-22T09:26:00","modified_gmt":"2025-05-22T09:26:00","slug":"sedumtak","status":"publish","type":"page","link":"https:\/\/natureimpact.com\/sv\/cases\/sedumtak\/","title":{"rendered":"CASES &#8211; Sedumtak"},"content":{"rendered":"<div>Nature<br \/>Impact<\/div>\n<div>Projekter<\/div>\n<h1>Cases &#8211; Sedumtak<\/h1>\n<div>\n<p>Sedan 2013 har Nature Impact levererat gr\u00f6na tak till kunder i Danmark och sedan 2018 till v\u00e5ra kunder i Sverige. V\u00e5ra sedumtak v\u00e4ljs ofta i ett projekt p\u00e5 grund av estetik och f\u00f6r att f\u00f6rst\u00e4rka samspelet mellan de h\u00e5rda byggnaderna och den mjuka naturen, f\u00f6r att det \u00e4r problem med regnvatten eller f\u00f6r att man vill \u00f6ka omr\u00e5dets biologiska m\u00e5ngfald. Oavsett anledning \u00e4lskar vi att se v\u00e5ra sedumtak pryda den femte fasaden runt om i v\u00e4rlden.<\/p>\n<h2>Alla sedumtak \u00e4r inte gr\u00f6na<\/h2>\n<p>Sedumtak kan variera i uttryck. De kan vara r\u00f6da, gr\u00f6na eller blomma i regnb\u00e5gens f\u00e4rger. D\u00e4rf\u00f6r varierar bilderna p\u00e5 v\u00e5ra case ocks\u00e5 mycket, antingen f\u00f6r att \u00e5rstiden spelar in eller f\u00f6r att konstruktionen har kr\u00e4vt till exempel ett r\u00f6tt sedumtak eller ett alltid gr\u00f6nt sedumtak &#8211; <a href=\"https:\/\/natureimpact.com\/sv\/sedumtak\/evergreen-roof\/\">ett Evergreen Roof<\/a>. Kom alltid ih\u00e5g att ett sedumtak \u00e4r ett levande tak, och det \u00e4ndras s\u00e4songsm\u00e4ssigt.<\/p>\n<p>Nedan kan du se exempel p\u00e5 n\u00e5gra av de fantastiska projekt vi har l\u00f6st genom \u00e5ren. L\u00e5t dig inspireras och kontakta oss om du beh\u00f6ver r\u00e5d f\u00f6r just ditt projekt.<a href=\"https:\/\/natureimpact.com\/sv\/sedumtak\/\"> Du kan ocks\u00e5 l\u00e4sa mer om v\u00e5rt sedumtak h\u00e4r<\/a>.<\/p>\n<\/div>\n<p><img decoding=\"async\" src=\"\/wp-content\/uploads\/2024\/11\/hotel-kurbits4.jpg\" alt=\"\"><\/p>\n<div>\n<div>Hotell Kurbits<\/div>\n<p>460 m2 gr\u00f6nt tak<\/p>\n<\/div>\n<p><p>\n        <a href=\"\/sv\/cases\/sedumtak\/hotell-kurbits\/\">L\u00e4s mer<\/a>\n    <\/p>\n<\/p>\n<p><a href=\"\/sv\/cases\/sedumtak\/merkurhuset\/\"><img decoding=\"async\" src=\"\/wp-content\/uploads\/2024\/11\/Merkurhuset1.jpg\" alt=\"\"><\/a><\/p>\n<div>\n<div>Merkurhuset<\/div>\n<p>570 m2 sedumtak<\/p>\n<\/div>\n<p><p>\n        <a href=\"\/sv\/cases\/sedumtak\/merkurhuset\/\">L\u00e4s mer<\/a>\n    <\/p>\n<\/p>\n<p><a href=\"\/sv\/cases\/sedumtak\/aarhus-i-aarhus\/\"><img decoding=\"async\" src=\"\/wp-content\/uploads\/2024\/03\/04062019-212.jpg\" alt=\"\"><\/a><\/p>\n<div>\n<div>AARhus i Aarhus<\/div>\n<p>1400 m2 sedumtak<\/p>\n<\/div>\n<p><p>\n        <a href=\"\/sv\/cases\/sedumtak\/aarhus-i-aarhus\/\">L\u00e4s mer<\/a>\n    <\/p>\n<\/p>\n<p><a href=\"\/sv\/cases\/sedumtak\/lagenhetskomplex-i-huskvarna\/\"><img decoding=\"async\" src=\"\/wp-content\/uploads\/2024\/11\/huskvarna7.jpg\" alt=\"\"><\/a><\/p>\n<div>\n<div>L\u00e4genhetskomplex i Huskvarna <\/div>\n<p>700 m2 gr\u00f6nt tak<\/p>\n<\/div>\n<p><p>\n        <a href=\"\/sv\/cases\/sedumtak\/lagenhetskomplex-i-huskvarna\/\">L\u00e4s mer<\/a>\n    <\/p>\n<\/p>\n<div>\n<p>        <img decoding=\"async\" src=\"\/wp-content\/uploads\/2024\/03\/Carl-Johan-Klarskov-Larsen.jpg\" alt=\"\"><\/p>\n<p><strong>Carl Johan Larsen<\/strong><\/br>VD, Nature Impact A\/S<\/p>\n<div>\n<p>N\u00e4r allt kommer omkring g\u00f6r vi bara tv\u00e5 saker \u2013 <a href=\"https:\/\/natureimpact.com\/sv\/sedumtak\/\">sedumtak<\/a> och <a href=\"https:\/\/natureimpact.com\/sv\/vaxtvaggar\/\">v\u00e4xtv\u00e4ggar<\/a>. Det g\u00f6r oss nog ganska n\u00f6rdiga, men det \u00e4r ocks\u00e5 ganska coolt att vara. Detta \u00e4r bara ett litet urval av alla vackra sedumtak vi har levererat till sedan 2013.<\/p>\n<\/div>\n<\/div>\n<p><a href=\"\/sv\/cases\/sedumtak\/dsv-ringsted\/\"><img decoding=\"async\" src=\"\/wp-content\/uploads\/2024\/11\/dsv-ringsted1.jpg\" alt=\"\"><\/a><\/p>\n<div>\n<div>DSV Ringsted<\/div>\n<p>23.688 m2 sedumtak<\/p>\n<\/div>\n<p><p>\n        <a href=\"\/sv\/cases\/sedumtak\/dsv-ringsted\/\">L\u00e4s mer<\/a>\n    <\/p>\n<\/p>\n<p><a href=\"\/sv\/cases\/sedumtak\/hotel-tylosand\/\"><img decoding=\"async\" src=\"\/wp-content\/uploads\/2024\/11\/hotel-tylosand1.jpg\" alt=\"\"><\/a><\/p>\n<div>\n<div>Hotel Tyl\u00f6sand<\/div>\n<p>1100 m2 sedumtak<\/p>\n<\/div>\n<p><p>\n        <a href=\"\/sv\/cases\/sedumtak\/hotel-tylosand\/\">L\u00e4s mer<\/a>\n    <\/p>\n<\/p>\n<p><a href=\"\/sv\/cases\/sedumtak\/vallby-fritidsgaard\/\"><img decoding=\"async\" src=\"\/wp-content\/uploads\/2025\/02\/Vallby_fritidsgaard_2.jpg\" alt=\"\"><\/a><\/p>\n<div>\n<div>Vallby Fritidsg\u00e5rd<\/div>\n<p>960 m2 sedumtak<\/p>\n<\/div>\n<p><p>\n        <a href=\"\/sv\/cases\/sedumtak\/vallby-fritidsgaard\/\">L\u00e4s mer<\/a>\n    <\/p>\n<\/p>\n<div>\n<p>        <img decoding=\"async\" src=\"\/wp-content\/uploads\/2024\/03\/Kaspar.jpg\" alt=\"\"><\/p>\n<h2>Har du fr\u00e5gor om v\u00e5ra cases?<\/h2>\n<div>\n<p><strong>Kaspar Berthelsen<\/strong> Chief Marketing Officer<br \/><a href=\"mailto:kb@natureimpact.com\">kb@natureimpact.com<\/a><br \/><a href=\"tel:+4551270316\">+45 5127 0316<\/a><\/p>\n<\/div>\n<\/div>\n<hr>\n<p><!--more--><br \/>\n<!-- {\"type\":\"layout\",\"children\":[{\"type\":\"section\",\"props\":{\"image\":\"wp-content\\\/uploads\\\/2024\\\/04\\\/ROOF_Forside.png\",\"image_effect\":\"parallax\",\"image_parallax_bgx\":\"-40,-40\",\"image_parallax_bgy\":\"-40,-40\",\"image_position\":\"top-left\",\"image_width\":\"80%\",\"media_visibility\":\"s\",\"padding\":\"xlarge\",\"style\":\"default\",\"title_breakpoint\":\"xl\",\"title_position\":\"top-left\",\"title_rotation\":\"left\",\"vertical_align\":\"\",\"width\":\"default\",\"width_expand\":\"right\"},\"children\":[{\"type\":\"row\",\"children\":[{\"type\":\"column\",\"props\":{\"image_position\":\"center-center\",\"position_sticky_breakpoint\":\"m\",\"vertical_align\":\"middle\"},\"children\":[{\"type\":\"headline\",\"props\":{\"content\":\"Nature<br \\\/>Impact\",\"margin_remove_bottom\":true,\"text_align\":\"right\",\"text_align_breakpoint\":\"s\",\"text_align_fallback\":\"left\",\"title_color\":\"danger\",\"title_element\":\"div\",\"title_style\":\"heading-small\"}},{\"type\":\"headline\",\"props\":{\"content\":\"Projekter\",\"margin_remove_top\":true,\"text_align\":\"right\",\"text_align_breakpoint\":\"s\",\"text_align_fallback\":\"left\",\"title_color\":\"primary\",\"title_element\":\"div\",\"title_style\":\"heading-small\"}}]}],\"props\":{\"margin\":\"large\"}},{\"type\":\"row\",\"props\":{\"column_gap\":\"large\",\"layout\":\"1-2,1-2\",\"margin\":\"large\"},\"children\":[{\"type\":\"column\",\"props\":{\"image_position\":\"center-center\",\"position_sticky_breakpoint\":\"m\",\"width_medium\":\"1-2\"},\"children\":[{\"type\":\"headline\",\"props\":{\"content\":\"Cases - Sedumtak\",\"title_element\":\"h1\",\"title_style\":\"heading-small\"}},{\"type\":\"text\",\"props\":{\"column_breakpoint\":\"m\",\"content\":\"\n\n<p>Sedan 2013 har Nature Impact levererat gr\\u00f6na tak till kunder i Danmark och sedan 2018 till v\\u00e5ra kunder i Sverige. V\\u00e5ra sedumtak v\\u00e4ljs ofta i ett projekt p\\u00e5 grund av estetik och f\\u00f6r att f\\u00f6rst\\u00e4rka samspelet mellan de h\\u00e5rda byggnaderna och den mjuka naturen, f\\u00f6r att det \\u00e4r problem med regnvatten eller f\\u00f6r att man vill \\u00f6ka omr\\u00e5dets biologiska m\\u00e5ngfald. Oavsett anledning \\u00e4lskar vi att se v\\u00e5ra sedumtak pryda den femte fasaden runt om i v\\u00e4rlden.<\\\/p>\\n\n\n<h2>Alla sedumtak \\u00e4r inte gr\\u00f6na<\\\/h2>\\n\n\n<p>Sedumtak kan variera i uttryck. De kan vara r\\u00f6da, gr\\u00f6na eller blomma i regnb\\u00e5gens f\\u00e4rger. D\\u00e4rf\\u00f6r varierar bilderna p\\u00e5 v\\u00e5ra case ocks\\u00e5 mycket, antingen f\\u00f6r att \\u00e5rstiden spelar in eller f\\u00f6r att konstruktionen har kr\\u00e4vt till exempel ett r\\u00f6tt sedumtak eller ett alltid gr\\u00f6nt sedumtak - <a href=\\\"https:\\\/\\\/natureimpact.com\\\/sv\\\/sedumtak\\\/evergreen-roof\\\/\\\">ett Evergreen Roof<\\\/a>. Kom alltid ih\\u00e5g att ett sedumtak \\u00e4r ett levande tak, och det \\u00e4ndras s\\u00e4songsm\\u00e4ssigt.<\\\/p>\\n\n\n<p>Nedan kan du se exempel p\\u00e5 n\\u00e5gra av de fantastiska projekt vi har l\\u00f6st genom \\u00e5ren. L\\u00e5t dig inspireras och kontakta oss om du beh\\u00f6ver r\\u00e5d f\\u00f6r just ditt projekt.<a href=\\\"https:\\\/\\\/natureimpact.com\\\/sv\\\/sedumtak\\\/\\\"> Du kan ocks\\u00e5 l\\u00e4sa mer om v\\u00e5rt sedumtak h\\u00e4r<\\\/a>.<\\\/p>\",\"margin\":\"default\",\"text_color\":\"emphasis\"}}]},{\"type\":\"column\",\"props\":{\"image_position\":\"center-center\",\"position_sticky_breakpoint\":\"m\",\"vertical_align\":\"middle\",\"width_medium\":\"1-2\"},\"children\":[{\"type\":\"image\",\"props\":{\"animation\":\"parallax\",\"image\":\"wp-content\\\/uploads\\\/2024\\\/11\\\/hotel-kurbits4.jpg\",\"image_box_shadow\":\"large\",\"image_height\":800,\"image_svg_color\":\"emphasis\",\"image_width\":800,\"margin\":\"default\",\"parallax_breakpoint\":\"s\",\"parallax_x\":\"100,100\"}},{\"type\":\"panel\",\"props\":{\"animation\":\"parallax\",\"content_column_breakpoint\":\"m\",\"icon_width\":80,\"image_align\":\"top\",\"image_grid_breakpoint\":\"m\",\"image_grid_width\":\"1-2\",\"image_svg_color\":\"emphasis\",\"link_style\":\"default\",\"link_text\":\"Read more\",\"margin\":\"default\",\"maxwidth\":\"medium\",\"meta\":\"460 m2 gr\\u00f6nt tak\",\"meta_align\":\"below-title\",\"meta_color\":\"primary\",\"meta_element\":\"div\",\"meta_margin\":\"remove\",\"meta_style\":\"\",\"panel_style\":\"tile-default\",\"parallax_x\":\"100,100\",\"title\":\"Hotell Kurbits\",\"title_align\":\"top\",\"title_color\":\"primary\",\"title_element\":\"div\",\"title_grid_breakpoint\":\"m\",\"title_grid_width\":\"1-2\",\"title_hover_style\":\"reset\",\"title_style\":\"text-lead\"},\"name\":\"Titel og sted under foto\"},{\"type\":\"button\",\"props\":{\"animation\":\"parallax\",\"grid_column_gap\":\"small\",\"grid_row_gap\":\"small\",\"margin\":\"default\",\"parallax_x\":\"100,100\"},\"children\":[{\"type\":\"button_item\",\"props\":{\"button_style\":\"secondary\",\"content\":\"L\\u00e4s mer\",\"dialog_layout\":\"modal\",\"dialog_offcanvas_flip\":true,\"icon_align\":\"left\",\"link\":\"sv\\\/cases\\\/sedumtak\\\/hotell-kurbits\\\/\"}}]}]}]}]},{\"type\":\"section\",\"props\":{\"image_position\":\"center-center\",\"padding\":\"xlarge\",\"padding_remove_top\":true,\"style\":\"default\",\"title_breakpoint\":\"xl\",\"title_position\":\"top-left\",\"title_rotation\":\"left\",\"vertical_align\":\"\",\"width\":\"\"},\"children\":[{\"type\":\"row\",\"children\":[{\"type\":\"column\",\"props\":{\"image_position\":\"center-center\",\"position_sticky_breakpoint\":\"m\"},\"children\":[{\"type\":\"image\",\"props\":{\"image\":\"wp-content\\\/uploads\\\/2024\\\/11\\\/Merkurhuset1.jpg\",\"image_hover_box_shadow\":\"large\",\"image_svg_color\":\"emphasis\",\"link\":\"sv\\\/cases\\\/sedumtak\\\/merkurhuset\\\/\",\"margin\":\"default\"}},{\"type\":\"panel\",\"props\":{\"animation\":\"parallax\",\"content_column_breakpoint\":\"m\",\"icon_width\":80,\"image_align\":\"top\",\"image_grid_breakpoint\":\"m\",\"image_grid_width\":\"1-2\",\"image_svg_color\":\"emphasis\",\"link_style\":\"default\",\"link_text\":\"Read more\",\"margin\":\"default\",\"maxwidth\":\"medium\",\"meta\":\"570 m2 sedumtak\",\"meta_align\":\"below-title\",\"meta_color\":\"primary\",\"meta_element\":\"div\",\"meta_margin\":\"remove\",\"meta_style\":\"\",\"panel_style\":\"tile-default\",\"parallax_x\":\"100,100\",\"parallax_y\":\"200 0%,0 30%\",\"title\":\"Merkurhuset\",\"title_align\":\"top\",\"title_color\":\"primary\",\"title_element\":\"div\",\"title_grid_breakpoint\":\"m\",\"title_grid_width\":\"1-2\",\"title_hover_style\":\"reset\",\"title_style\":\"text-lead\"},\"name\":\"Titel og sted under foto\"},{\"type\":\"button\",\"props\":{\"animation\":\"parallax\",\"grid_column_gap\":\"small\",\"grid_row_gap\":\"small\",\"margin\":\"default\",\"parallax_x\":\"100,100\",\"parallax_y\":\"200 0%,0 30%\"},\"children\":[{\"type\":\"button_item\",\"props\":{\"button_style\":\"secondary\",\"content\":\"L\\u00e4s mer\",\"dialog_layout\":\"modal\",\"dialog_offcanvas_flip\":true,\"icon_align\":\"left\",\"link\":\"sv\\\/cases\\\/sedumtak\\\/merkurhuset\\\/\"}}]}]}],\"props\":{\"column_gap\":\"large\",\"padding_remove_horizontal\":true,\"width\":\"default\",\"width_expand\":\"left\"}}]},{\"type\":\"section\",\"props\":{\"animation\":\"fade\",\"animation_delay\":\"200\",\"image_position\":\"center-center\",\"padding_remove_top\":true,\"style\":\"default\",\"title_breakpoint\":\"xl\",\"title_position\":\"top-left\",\"title_rotation\":\"left\",\"vertical_align\":\"\",\"width\":\"default\"},\"children\":[{\"type\":\"row\",\"props\":{\"layout\":\"1-2,1-2\"},\"children\":[{\"type\":\"column\",\"props\":{\"image_position\":\"center-center\",\"position_sticky_breakpoint\":\"m\",\"width_medium\":\"1-2\"},\"children\":[{\"type\":\"image\",\"props\":{\"image\":\"wp-content\\\/uploads\\\/2024\\\/03\\\/04062019-212.jpg\",\"image_height\":\"350\",\"image_hover_box_shadow\":\"large\",\"image_svg_color\":\"emphasis\",\"image_width\":\"500\",\"link\":\"sv\\\/cases\\\/sedumtak\\\/aarhus-i-aarhus\\\/\",\"margin\":\"default\"}},{\"type\":\"panel\",\"props\":{\"animation\":\"none\",\"content_column_breakpoint\":\"m\",\"icon_width\":80,\"image_align\":\"top\",\"image_grid_breakpoint\":\"m\",\"image_grid_width\":\"1-2\",\"image_svg_color\":\"emphasis\",\"link_style\":\"default\",\"link_text\":\"Read more\",\"margin\":\"default\",\"maxwidth\":\"medium\",\"meta\":\"1400 m2 sedumtak\",\"meta_align\":\"below-title\",\"meta_color\":\"primary\",\"meta_element\":\"div\",\"meta_margin\":\"remove\",\"meta_style\":\"\",\"panel_style\":\"tile-default\",\"parallax_x\":\"100,100\",\"title\":\"AARhus i Aarhus\",\"title_align\":\"top\",\"title_color\":\"primary\",\"title_element\":\"div\",\"title_grid_breakpoint\":\"m\",\"title_grid_width\":\"1-2\",\"title_hover_style\":\"reset\",\"title_style\":\"text-lead\"},\"name\":\"Titel og sted under foto\"},{\"type\":\"button\",\"props\":{\"animation\":\"none\",\"grid_column_gap\":\"small\",\"grid_row_gap\":\"small\",\"margin\":\"default\",\"parallax_x\":\"100,100\"},\"children\":[{\"type\":\"button_item\",\"props\":{\"button_style\":\"secondary\",\"content\":\"L\\u00e4s mer\",\"dialog_layout\":\"modal\",\"dialog_offcanvas_flip\":true,\"icon_align\":\"left\",\"link\":\"sv\\\/cases\\\/sedumtak\\\/aarhus-i-aarhus\\\/\"}}]}]},{\"type\":\"column\",\"props\":{\"image_position\":\"center-center\",\"position_sticky_breakpoint\":\"m\",\"width_medium\":\"1-2\"},\"children\":[{\"type\":\"image\",\"props\":{\"image\":\"wp-content\\\/uploads\\\/2024\\\/11\\\/huskvarna7.jpg\",\"image_height\":\"350\",\"image_hover_box_shadow\":\"large\",\"image_svg_color\":\"emphasis\",\"image_width\":\"500\",\"link\":\"sv\\\/cases\\\/sedumtak\\\/lagenhetskomplex-i-huskvarna\\\/\",\"margin\":\"default\"}},{\"type\":\"panel\",\"props\":{\"animation\":\"none\",\"content_column_breakpoint\":\"m\",\"icon_width\":80,\"image_align\":\"top\",\"image_grid_breakpoint\":\"m\",\"image_grid_width\":\"1-2\",\"image_svg_color\":\"emphasis\",\"link_style\":\"default\",\"link_text\":\"Read more\",\"margin\":\"default\",\"maxwidth\":\"medium\",\"meta\":\"700 m2 gr\\u00f6nt tak\",\"meta_align\":\"below-title\",\"meta_color\":\"primary\",\"meta_element\":\"div\",\"meta_margin\":\"remove\",\"meta_style\":\"\",\"panel_style\":\"tile-default\",\"parallax_x\":\"100,100\",\"title\":\"L\\u00e4genhetskomplex i Huskvarna \",\"title_align\":\"top\",\"title_color\":\"primary\",\"title_element\":\"div\",\"title_grid_breakpoint\":\"m\",\"title_grid_width\":\"1-2\",\"title_hover_style\":\"reset\",\"title_style\":\"text-lead\"},\"name\":\"Titel og sted under foto\"},{\"type\":\"button\",\"props\":{\"animation\":\"none\",\"grid_column_gap\":\"small\",\"grid_row_gap\":\"small\",\"margin\":\"default\",\"parallax_x\":\"100,100\"},\"children\":[{\"type\":\"button_item\",\"props\":{\"button_style\":\"secondary\",\"content\":\"L\\u00e4s mer\",\"dialog_layout\":\"modal\",\"dialog_offcanvas_flip\":true,\"icon_align\":\"left\",\"link\":\"sv\\\/cases\\\/sedumtak\\\/lagenhetskomplex-i-huskvarna\\\/\"}}]}]}]}]},{\"type\":\"section\",\"props\":{\"height\":\"page\",\"image_position\":\"center-center\",\"image_width\":\"300\",\"padding\":\"large\",\"style\":\"default\",\"title_breakpoint\":\"xl\",\"title_position\":\"top-left\",\"title_rotation\":\"left\",\"vertical_align\":\"\",\"width\":\"xsmall\"},\"children\":[{\"type\":\"row\",\"children\":[{\"type\":\"column\",\"props\":{\"image_position\":\"center-center\",\"position_sticky_breakpoint\":\"m\"},\"children\":[{\"type\":\"panel\",\"props\":{\"animation\":\"parallax\",\"block_align\":\"center\",\"content\":\"\n\n<p>N\\u00e4r allt kommer omkring g\\u00f6r vi bara tv\\u00e5 saker \\u2013 <a href=\\\"https:\\\/\\\/natureimpact.com\\\/sv\\\/sedumtak\\\/\\\">sedumtak<\\\/a> och <a href=\\\"https:\\\/\\\/natureimpact.com\\\/sv\\\/vaxtvaggar\\\/\\\">v\\u00e4xtv\\u00e4ggar<\\\/a>. Det g\\u00f6r oss nog ganska n\\u00f6rdiga, men det \\u00e4r ocks\\u00e5 ganska coolt att vara. Detta \\u00e4r bara ett litet urval av alla vackra sedumtak vi har levererat till sedan 2013.<\\\/p>\",\"content_column_breakpoint\":\"m\",\"content_dropcap\":false,\"content_style\":\"text-large\",\"icon_width\":80,\"image\":\"wp-content\\\/uploads\\\/2024\\\/03\\\/Carl-Johan-Klarskov-Larsen.jpg\",\"image_align\":\"left\",\"image_box_decoration\":\"default\",\"image_box_shadow\":\"xlarge\",\"image_grid_breakpoint\":\"m\",\"image_grid_column_gap\":\"large\",\"image_grid_width\":\"2-5\",\"image_height\":550,\"image_svg_color\":\"emphasis\",\"image_vertical_align\":true,\"image_width\":500,\"link_style\":\"default\",\"link_text\":\"Read more\",\"margin\":\"default\",\"maxwidth\":\"2xlarge\",\"meta\":\"<strong>Carl Johan Larsen<\\\/strong><\\\/br>VD, Nature Impact A\\\/S\",\"meta_align\":\"below-content\",\"meta_element\":\"div\",\"meta_style\":\"text-small\",\"panel_image_no_padding\":true,\"parallax_scale\":\"0.5 0%,1 30%\",\"title_align\":\"top\",\"title_element\":\"h3\",\"title_grid_breakpoint\":\"m\",\"title_grid_width\":\"1-2\",\"title_hover_style\":\"reset\"},\"name\":\"Citat slider\"}]}]}]},{\"type\":\"section\",\"props\":{\"animation\":\"fade\",\"animation_delay\":\"300\",\"image_position\":\"center-center\",\"padding\":\"large\",\"padding_remove_top\":false,\"style\":\"default\",\"title_breakpoint\":\"xl\",\"title_position\":\"top-left\",\"title_rotation\":\"left\",\"vertical_align\":\"\",\"width\":\"default\"},\"children\":[{\"type\":\"row\",\"props\":{\"layout\":\"1-3,1-3,1-3\"},\"children\":[{\"type\":\"column\",\"props\":{\"image_position\":\"center-center\",\"position_sticky_breakpoint\":\"m\",\"width_medium\":\"1-3\"},\"children\":[{\"type\":\"image\",\"props\":{\"image\":\"wp-content\\\/uploads\\\/2024\\\/11\\\/dsv-ringsted1.jpg\",\"image_height\":\"350\",\"image_hover_box_shadow\":\"large\",\"image_svg_color\":\"emphasis\",\"image_width\":\"500\",\"link\":\"sv\\\/cases\\\/sedumtak\\\/dsv-ringsted\\\/\",\"margin\":\"default\"}},{\"type\":\"panel\",\"props\":{\"animation\":\"none\",\"content_column_breakpoint\":\"m\",\"icon_width\":80,\"image_align\":\"top\",\"image_grid_breakpoint\":\"m\",\"image_grid_width\":\"1-2\",\"image_svg_color\":\"emphasis\",\"link_style\":\"default\",\"link_text\":\"Read more\",\"margin\":\"default\",\"maxwidth\":\"medium\",\"meta\":\"23.688 m2 sedumtak\",\"meta_align\":\"below-title\",\"meta_color\":\"primary\",\"meta_element\":\"div\",\"meta_margin\":\"remove\",\"meta_style\":\"\",\"panel_style\":\"tile-default\",\"parallax_x\":\"100,100\",\"title\":\"DSV Ringsted\",\"title_align\":\"top\",\"title_color\":\"primary\",\"title_element\":\"div\",\"title_grid_breakpoint\":\"m\",\"title_grid_width\":\"1-2\",\"title_hover_style\":\"reset\",\"title_style\":\"text-lead\"},\"name\":\"Titel og sted under foto\"},{\"type\":\"button\",\"props\":{\"animation\":\"none\",\"grid_column_gap\":\"small\",\"grid_row_gap\":\"small\",\"margin\":\"default\",\"parallax_x\":\"100,100\"},\"children\":[{\"type\":\"button_item\",\"props\":{\"button_style\":\"secondary\",\"content\":\"L\\u00e4s mer\",\"dialog_layout\":\"modal\",\"dialog_offcanvas_flip\":true,\"icon_align\":\"left\",\"link\":\"sv\\\/cases\\\/sedumtak\\\/dsv-ringsted\\\/\"}}]}]},{\"type\":\"column\",\"props\":{\"image_position\":\"center-center\",\"position_sticky_breakpoint\":\"m\",\"width_medium\":\"1-3\"},\"children\":[{\"type\":\"image\",\"props\":{\"image\":\"wp-content\\\/uploads\\\/2024\\\/11\\\/hotel-tylosand1.jpg\",\"image_height\":\"350\",\"image_hover_box_shadow\":\"large\",\"image_svg_color\":\"emphasis\",\"image_width\":\"500\",\"link\":\"sv\\\/cases\\\/sedumtak\\\/hotel-tylosand\\\/\",\"margin\":\"default\"}},{\"type\":\"panel\",\"props\":{\"animation\":\"none\",\"content_column_breakpoint\":\"m\",\"icon_width\":80,\"image_align\":\"top\",\"image_grid_breakpoint\":\"m\",\"image_grid_width\":\"1-2\",\"image_svg_color\":\"emphasis\",\"link_style\":\"default\",\"link_text\":\"Read more\",\"margin\":\"default\",\"maxwidth\":\"medium\",\"meta\":\"1100 m2 sedumtak\",\"meta_align\":\"below-title\",\"meta_color\":\"primary\",\"meta_element\":\"div\",\"meta_margin\":\"remove\",\"meta_style\":\"\",\"panel_style\":\"tile-default\",\"parallax_x\":\"100,100\",\"title\":\"Hotel Tyl\\u00f6sand\",\"title_align\":\"top\",\"title_color\":\"primary\",\"title_element\":\"div\",\"title_grid_breakpoint\":\"m\",\"title_grid_width\":\"1-2\",\"title_hover_style\":\"reset\",\"title_style\":\"text-lead\"},\"name\":\"Titel og sted under foto\"},{\"type\":\"button\",\"props\":{\"animation\":\"none\",\"grid_column_gap\":\"small\",\"grid_row_gap\":\"small\",\"margin\":\"default\",\"parallax_x\":\"100,100\"},\"children\":[{\"type\":\"button_item\",\"props\":{\"button_style\":\"secondary\",\"content\":\"L\\u00e4s mer\",\"dialog_layout\":\"modal\",\"dialog_offcanvas_flip\":true,\"icon_align\":\"left\",\"link\":\"sv\\\/cases\\\/sedumtak\\\/hotel-tylosand\\\/\"}}]}]},{\"type\":\"column\",\"props\":{\"image_position\":\"center-center\",\"position_sticky_breakpoint\":\"m\",\"width_medium\":\"1-3\"},\"children\":[{\"type\":\"image\",\"props\":{\"image\":\"wp-content\\\/uploads\\\/2025\\\/02\\\/Vallby_fritidsgaard_2.jpg\",\"image_height\":\"350\",\"image_hover_box_shadow\":\"large\",\"image_svg_color\":\"emphasis\",\"image_width\":\"500\",\"link\":\"sv\\\/cases\\\/sedumtak\\\/vallby-fritidsgaard\\\/\",\"margin\":\"default\"}},{\"type\":\"panel\",\"props\":{\"animation\":\"none\",\"content_column_breakpoint\":\"m\",\"icon_width\":80,\"image_align\":\"top\",\"image_grid_breakpoint\":\"m\",\"image_grid_width\":\"1-2\",\"image_svg_color\":\"emphasis\",\"link_style\":\"default\",\"link_text\":\"Read more\",\"margin\":\"default\",\"maxwidth\":\"medium\",\"meta\":\"960 m2 sedumtak\",\"meta_align\":\"below-title\",\"meta_color\":\"primary\",\"meta_element\":\"div\",\"meta_margin\":\"remove\",\"meta_style\":\"\",\"panel_style\":\"tile-default\",\"parallax_x\":\"100,100\",\"title\":\"Vallby Fritidsg\\u00e5rd\",\"title_align\":\"top\",\"title_color\":\"primary\",\"title_element\":\"div\",\"title_grid_breakpoint\":\"m\",\"title_grid_width\":\"1-2\",\"title_hover_style\":\"reset\",\"title_style\":\"text-lead\"},\"name\":\"Titel og sted under foto\"},{\"type\":\"button\",\"props\":{\"animation\":\"none\",\"grid_column_gap\":\"small\",\"grid_row_gap\":\"small\",\"margin\":\"default\",\"parallax_x\":\"100,100\"},\"children\":[{\"type\":\"button_item\",\"props\":{\"button_style\":\"secondary\",\"content\":\"L\\u00e4s mer\",\"dialog_layout\":\"modal\",\"dialog_offcanvas_flip\":true,\"icon_align\":\"left\",\"link\":\"sv\\\/cases\\\/sedumtak\\\/vallby-fritidsgaard\\\/\"}}]}]}]}]},{\"type\":\"section\",\"props\":{\"image_position\":\"center-center\",\"padding\":\"small\",\"preserve_color\":false,\"style\":\"muted\",\"title_breakpoint\":\"xl\",\"title_position\":\"top-left\",\"title_rotation\":\"left\",\"vertical_align\":\"\",\"width\":\"default\"},\"children\":[{\"type\":\"row\",\"props\":{\"column_gap\":\"large\",\"divider\":true,\"layout\":\"1-2,1-2\"},\"children\":[{\"type\":\"column\",\"props\":{\"image_position\":\"center-center\",\"position_sticky_breakpoint\":\"m\",\"vertical_align\":\"middle\",\"width_medium\":\"1-2\"}},{\"type\":\"column\",\"props\":{\"image_position\":\"center-center\",\"position_sticky_breakpoint\":\"m\",\"vertical_align\":\"middle\",\"width_medium\":\"1-2\"},\"children\":[{\"type\":\"panel\",\"props\":{\"content\":\"\n\n<p><strong>Kaspar Berthelsen<\\\/strong> Chief Marketing Officer<br \\\/><a href=\\\"mailto:kb@natureimpact.com\\\">kb@natureimpact.com<\\\/a><br \\\/><a href=\\\"tel:+4551270316\\\">+45 5127 0316<\\\/a><\\\/p>\",\"content_column_breakpoint\":\"m\",\"content_margin\":\"small\",\"icon_width\":80,\"image\":\"wp-content\\\/uploads\\\/2024\\\/03\\\/Kaspar.jpg\",\"image_align\":\"left\",\"image_box_decoration\":\"shadow\",\"image_box_shadow\":\"xlarge\",\"image_grid_breakpoint\":\"m\",\"image_grid_width\":\"1-3\",\"image_height\":550,\"image_svg_color\":\"emphasis\",\"image_vertical_align\":true,\"image_width\":500,\"link_style\":\"default\",\"link_text\":\"Read more\",\"margin\":\"default\",\"meta_align\":\"below-title\",\"meta_element\":\"div\",\"meta_style\":\"text-meta\",\"panel_image_no_padding\":false,\"title\":\"Har du fr\\u00e5gor om v\\u00e5ra cases?\",\"title_align\":\"top\",\"title_element\":\"h2\",\"title_grid_breakpoint\":\"m\",\"title_grid_width\":\"1-2\",\"title_hover_style\":\"reset\",\"title_style\":\"h5\"},\"name\":\"sp\"}]}]}],\"name\":\"Download bj\\u00e6lke i bund\"},{\"type\":\"section\",\"props\":{\"image_position\":\"center-center\",\"padding\":\"xsmall\",\"style\":\"primary\",\"title_breakpoint\":\"xl\",\"title_position\":\"top-left\",\"title_rotation\":\"left\",\"vertical_align\":\"middle\",\"width\":\"default\"},\"children\":[{\"type\":\"row\",\"children\":[{\"type\":\"column\",\"props\":{\"image_position\":\"center-center\",\"position_sticky_breakpoint\":\"m\"},\"children\":[{\"type\":\"breadcrumbs\",\"props\":{\"show_current\":true,\"show_home\":true,\"text_align\":\"right\"}},{\"type\":\"divider\",\"props\":{\"divider_element\":\"hr\"}}]}]}],\"name\":\"Br\\u00f8dkrumme over footer\"}],\"version\":\"4.5.5\"} --><\/p>\n","protected":false},"excerpt":{"rendered":"<p>NatureImpact Projekter Cases &#8211; Sedumtak Sedan 2013 har Nature Impact levererat gr\u00f6na tak till kunder i Danmark och sedan 2018 till v\u00e5ra kunder i Sverige. V\u00e5ra sedumtak v\u00e4ljs ofta i ett projekt p\u00e5 grund av estetik och f\u00f6r att f\u00f6rst\u00e4rka samspelet mellan de h\u00e5rda byggnaderna och den mjuka naturen, f\u00f6r att det \u00e4r problem med [&hellip;]<\/p>\n","protected":false},"author":1,"featured_media":0,"parent":6261,"menu_order":0,"comment_status":"closed","ping_status":"closed","template":"","meta":{"_acf_changed":false,"footnotes":""},"class_list":["post-4705","page","type-page","status-publish","hentry"],"acf":[],"yoast_head":"<!-- This site is optimized with the Yoast SEO plugin v27.4 - https:\/\/yoast.com\/product\/yoast-seo-wordpress\/ -->\n<title>Cases - Sedumtak \u00bb L\u00e5t dig inspireras av exempel p\u00e5 gr\u00f6na tak<\/title>\n<meta name=\"description\" content=\"Natureimpact.com \u00e4r Danmarks ledande leverant\u00f6r av sedumtak. Se v\u00e5ra vackra cases med gr\u00f6na tak f\u00f6r ett brett spektrum av kunder och l\u00e5t dig inspireras!\" \/>\n<meta name=\"robots\" content=\"index, follow, max-snippet:-1, max-image-preview:large, max-video-preview:-1\" \/>\n<link rel=\"canonical\" href=\"https:\/\/natureimpact.com\/sv\/cases\/sedumtak\/\" \/>\n<meta property=\"og:locale\" content=\"sv_SE\" \/>\n<meta property=\"og:type\" content=\"article\" \/>\n<meta property=\"og:title\" content=\"Cases - Sedumtak \u00bb L\u00e5t dig inspireras av exempel p\u00e5 gr\u00f6na tak\" \/>\n<meta property=\"og:description\" content=\"Natureimpact.com \u00e4r Danmarks ledande leverant\u00f6r av sedumtak. Se v\u00e5ra vackra cases med gr\u00f6na tak f\u00f6r ett brett spektrum av kunder och l\u00e5t dig inspireras!\" \/>\n<meta property=\"og:url\" content=\"https:\/\/natureimpact.com\/sv\/cases\/sedumtak\/\" \/>\n<meta property=\"og:site_name\" content=\"Nature Impact\" \/>\n<meta property=\"article:modified_time\" content=\"2025-05-22T09:26:00+00:00\" \/>\n<meta property=\"og:image\" content=\"https:\/\/natureimpact.com\/wp-content\/uploads\/2023\/12\/NI_900px.png\" \/>\n\t<meta property=\"og:image:width\" content=\"929\" \/>\n\t<meta property=\"og:image:height\" content=\"841\" \/>\n\t<meta property=\"og:image:type\" content=\"image\/png\" \/>\n<meta name=\"twitter:card\" content=\"summary_large_image\" \/>\n<meta name=\"twitter:label1\" content=\"Ber\u00e4knad l\u00e4stid\" \/>\n\t<meta name=\"twitter:data1\" content=\"4 minuter\" \/>\n<script type=\"application\/ld+json\" class=\"yoast-schema-graph\">{\"@context\":\"https:\\\/\\\/schema.org\",\"@graph\":[{\"@type\":\"WebPage\",\"@id\":\"https:\\\/\\\/natureimpact.com\\\/sv\\\/cases\\\/sedumtak\\\/\",\"url\":\"https:\\\/\\\/natureimpact.com\\\/sv\\\/cases\\\/sedumtak\\\/\",\"name\":\"Cases - Sedumtak \u00bb L\u00e5t dig inspireras av exempel p\u00e5 gr\u00f6na tak\",\"isPartOf\":{\"@id\":\"https:\\\/\\\/natureimpact.com\\\/sv\\\/#website\"},\"datePublished\":\"2024-02-09T07:16:00+00:00\",\"dateModified\":\"2025-05-22T09:26:00+00:00\",\"description\":\"Natureimpact.com \u00e4r Danmarks ledande leverant\u00f6r av sedumtak. Se v\u00e5ra vackra cases med gr\u00f6na tak f\u00f6r ett brett spektrum av kunder och l\u00e5t dig inspireras!\",\"breadcrumb\":{\"@id\":\"https:\\\/\\\/natureimpact.com\\\/sv\\\/cases\\\/sedumtak\\\/#breadcrumb\"},\"inLanguage\":\"sv-SE\",\"potentialAction\":[{\"@type\":\"ReadAction\",\"target\":[\"https:\\\/\\\/natureimpact.com\\\/sv\\\/cases\\\/sedumtak\\\/\"]}]},{\"@type\":\"BreadcrumbList\",\"@id\":\"https:\\\/\\\/natureimpact.com\\\/sv\\\/cases\\\/sedumtak\\\/#breadcrumb\",\"itemListElement\":[{\"@type\":\"ListItem\",\"position\":1,\"name\":\"Hem\",\"item\":\"https:\\\/\\\/natureimpact.com\\\/sv\\\/\"},{\"@type\":\"ListItem\",\"position\":2,\"name\":\"Cases\",\"item\":\"https:\\\/\\\/natureimpact.com\\\/sv\\\/cases\\\/\"},{\"@type\":\"ListItem\",\"position\":3,\"name\":\"CASES &#8211; Sedumtak\"}]},{\"@type\":\"WebSite\",\"@id\":\"https:\\\/\\\/natureimpact.com\\\/sv\\\/#website\",\"url\":\"https:\\\/\\\/natureimpact.com\\\/sv\\\/\",\"name\":\"Nature Impact\",\"description\":\"\",\"publisher\":{\"@id\":\"https:\\\/\\\/natureimpact.com\\\/sv\\\/#organization\"},\"potentialAction\":[{\"@type\":\"SearchAction\",\"target\":{\"@type\":\"EntryPoint\",\"urlTemplate\":\"https:\\\/\\\/natureimpact.com\\\/sv\\\/?s={search_term_string}\"},\"query-input\":{\"@type\":\"PropertyValueSpecification\",\"valueRequired\":true,\"valueName\":\"search_term_string\"}}],\"inLanguage\":\"sv-SE\"},{\"@type\":\"Organization\",\"@id\":\"https:\\\/\\\/natureimpact.com\\\/sv\\\/#organization\",\"name\":\"Nature Impact\",\"url\":\"https:\\\/\\\/natureimpact.com\\\/sv\\\/\",\"logo\":{\"@type\":\"ImageObject\",\"inLanguage\":\"sv-SE\",\"@id\":\"https:\\\/\\\/natureimpact.com\\\/sv\\\/#\\\/schema\\\/logo\\\/image\\\/\",\"url\":\"https:\\\/\\\/natureimpact.com\\\/wp-content\\\/uploads\\\/2025\\\/05\\\/NI_900px.png\",\"contentUrl\":\"https:\\\/\\\/natureimpact.com\\\/wp-content\\\/uploads\\\/2025\\\/05\\\/NI_900px.png\",\"width\":929,\"height\":841,\"caption\":\"Nature Impact\"},\"image\":{\"@id\":\"https:\\\/\\\/natureimpact.com\\\/sv\\\/#\\\/schema\\\/logo\\\/image\\\/\"}}]}<\/script>\n<!-- \/ Yoast SEO plugin. -->","yoast_head_json":{"title":"Cases - Sedumtak \u00bb L\u00e5t dig inspireras av exempel p\u00e5 gr\u00f6na tak","description":"Natureimpact.com \u00e4r Danmarks ledande leverant\u00f6r av sedumtak. Se v\u00e5ra vackra cases med gr\u00f6na tak f\u00f6r ett brett spektrum av kunder och l\u00e5t dig inspireras!","robots":{"index":"index","follow":"follow","max-snippet":"max-snippet:-1","max-image-preview":"max-image-preview:large","max-video-preview":"max-video-preview:-1"},"canonical":"https:\/\/natureimpact.com\/sv\/cases\/sedumtak\/","og_locale":"sv_SE","og_type":"article","og_title":"Cases - Sedumtak \u00bb L\u00e5t dig inspireras av exempel p\u00e5 gr\u00f6na tak","og_description":"Natureimpact.com \u00e4r Danmarks ledande leverant\u00f6r av sedumtak. Se v\u00e5ra vackra cases med gr\u00f6na tak f\u00f6r ett brett spektrum av kunder och l\u00e5t dig inspireras!","og_url":"https:\/\/natureimpact.com\/sv\/cases\/sedumtak\/","og_site_name":"Nature Impact","article_modified_time":"2025-05-22T09:26:00+00:00","og_image":[{"width":929,"height":841,"url":"https:\/\/natureimpact.com\/wp-content\/uploads\/2023\/12\/NI_900px.png","type":"image\/png"}],"twitter_card":"summary_large_image","twitter_misc":{"Ber\u00e4knad l\u00e4stid":"4 minuter"},"schema":{"@context":"https:\/\/schema.org","@graph":[{"@type":"WebPage","@id":"https:\/\/natureimpact.com\/sv\/cases\/sedumtak\/","url":"https:\/\/natureimpact.com\/sv\/cases\/sedumtak\/","name":"Cases - Sedumtak \u00bb L\u00e5t dig inspireras av exempel p\u00e5 gr\u00f6na tak","isPartOf":{"@id":"https:\/\/natureimpact.com\/sv\/#website"},"datePublished":"2024-02-09T07:16:00+00:00","dateModified":"2025-05-22T09:26:00+00:00","description":"Natureimpact.com \u00e4r Danmarks ledande leverant\u00f6r av sedumtak. Se v\u00e5ra vackra cases med gr\u00f6na tak f\u00f6r ett brett spektrum av kunder och l\u00e5t dig inspireras!","breadcrumb":{"@id":"https:\/\/natureimpact.com\/sv\/cases\/sedumtak\/#breadcrumb"},"inLanguage":"sv-SE","potentialAction":[{"@type":"ReadAction","target":["https:\/\/natureimpact.com\/sv\/cases\/sedumtak\/"]}]},{"@type":"BreadcrumbList","@id":"https:\/\/natureimpact.com\/sv\/cases\/sedumtak\/#breadcrumb","itemListElement":[{"@type":"ListItem","position":1,"name":"Hem","item":"https:\/\/natureimpact.com\/sv\/"},{"@type":"ListItem","position":2,"name":"Cases","item":"https:\/\/natureimpact.com\/sv\/cases\/"},{"@type":"ListItem","position":3,"name":"CASES &#8211; Sedumtak"}]},{"@type":"WebSite","@id":"https:\/\/natureimpact.com\/sv\/#website","url":"https:\/\/natureimpact.com\/sv\/","name":"Nature Impact","description":"","publisher":{"@id":"https:\/\/natureimpact.com\/sv\/#organization"},"potentialAction":[{"@type":"SearchAction","target":{"@type":"EntryPoint","urlTemplate":"https:\/\/natureimpact.com\/sv\/?s={search_term_string}"},"query-input":{"@type":"PropertyValueSpecification","valueRequired":true,"valueName":"search_term_string"}}],"inLanguage":"sv-SE"},{"@type":"Organization","@id":"https:\/\/natureimpact.com\/sv\/#organization","name":"Nature Impact","url":"https:\/\/natureimpact.com\/sv\/","logo":{"@type":"ImageObject","inLanguage":"sv-SE","@id":"https:\/\/natureimpact.com\/sv\/#\/schema\/logo\/image\/","url":"https:\/\/natureimpact.com\/wp-content\/uploads\/2025\/05\/NI_900px.png","contentUrl":"https:\/\/natureimpact.com\/wp-content\/uploads\/2025\/05\/NI_900px.png","width":929,"height":841,"caption":"Nature Impact"},"image":{"@id":"https:\/\/natureimpact.com\/sv\/#\/schema\/logo\/image\/"}}]}},"_links":{"self":[{"href":"https:\/\/natureimpact.com\/sv\/wp-json\/wp\/v2\/pages\/4705","targetHints":{"allow":["GET"]}}],"collection":[{"href":"https:\/\/natureimpact.com\/sv\/wp-json\/wp\/v2\/pages"}],"about":[{"href":"https:\/\/natureimpact.com\/sv\/wp-json\/wp\/v2\/types\/page"}],"author":[{"embeddable":true,"href":"https:\/\/natureimpact.com\/sv\/wp-json\/wp\/v2\/users\/1"}],"replies":[{"embeddable":true,"href":"https:\/\/natureimpact.com\/sv\/wp-json\/wp\/v2\/comments?post=4705"}],"version-history":[{"count":49,"href":"https:\/\/natureimpact.com\/sv\/wp-json\/wp\/v2\/pages\/4705\/revisions"}],"predecessor-version":[{"id":8594,"href":"https:\/\/natureimpact.com\/sv\/wp-json\/wp\/v2\/pages\/4705\/revisions\/8594"}],"up":[{"embeddable":true,"href":"https:\/\/natureimpact.com\/sv\/wp-json\/wp\/v2\/pages\/6261"}],"wp:attachment":[{"href":"https:\/\/natureimpact.com\/sv\/wp-json\/wp\/v2\/media?parent=4705"}],"curies":[{"name":"wp","href":"https:\/\/api.w.org\/{rel}","templated":true}]}}