{"id":5523,"date":"2024-05-20T05:15:19","date_gmt":"2024-05-20T05:15:19","guid":{"rendered":"https:\/\/loving-ardinghelli.77-247-67-170.plesk.page\/?page_id=5523"},"modified":"2026-04-24T04:47:06","modified_gmt":"2026-04-24T04:47:06","slug":"retention-deau-et-lar","status":"publish","type":"page","link":"https:\/\/natureimpact.com\/fr\/toiture-vegetalisee\/retention-deau-et-lar\/","title":{"rendered":"R\u00c9TENTION D\u2019EAU ET LAR"},"content":{"rendered":"<h1>r\u00e9tention d\u2019eau et GESTION LOCALE DES EAUX PLUVIALES (LAR)<\/h1>\n<div>\n<p>Le changement climatique et l\u2019augmentation des pr\u00e9cipitations font de la r\u00e9tention d\u2019eau et de la gestion des eaux pluviales des \u00e9l\u00e9ments cl\u00e9s des constructions futures. Lorsqu\u2019il pleut beaucoup, nos syst\u00e8mes d\u2019\u00e9gouts ne peuvent pas suivre, ce qui peut entra\u00eener des inondations. Les toits en s\u00e9dum peuvent faire partie de la solution. Les plantes vertes du toit et le milieu de culture peuvent absorber de grandes quantit\u00e9s de pr\u00e9cipitations et retarder le ruissellement de mani\u00e8re que les \u00e9gouts puissent suivre.<\/p>\n<p>Les toits verts sont donc les toits de l\u2019avenir et peuvent faire partie de la solution pour g\u00e9rer l\u2019augmentation des pr\u00e9cipitations et le ruissellement des eaux pluviales locales.<\/p>\n<p><span class=\"uk-text-lead\">Et nous ne nous contentons pas de dire cela. Nous avons particip\u00e9 \u00e0 des \u00e9tudes approfondies au cours desquelles nos toits ont \u00e9t\u00e9 test\u00e9s pour leur capacit\u00e9 \u00e0 retenir l\u2019eau de pluie. Ces \u00e9tudes montrent que les toitures en s\u00e9dum peuvent faire une diff\u00e9rence encore plus grande que ce que l\u2019on pensait.<\/span><\/p>\n<\/div>\n<p><img decoding=\"async\" src=\"\/wp-content\/uploads\/2026\/04\/Vandtilbagehold_FR_Vandtilbagehold-1.png\" alt=\"\"><br \/>\n<img decoding=\"async\" src=\"\/wp-content\/uploads\/2026\/04\/Vandtilbagehold_FR_Vandtilbagehold-FR.png\" alt=\"\"><\/p>\n<h2>Test de r\u00e9tention d\u2019eau des toits en s\u00e9dum<\/h2>\n<div>\n<p>DHI et Nature Impact ont \u00e9tudi\u00e9 conjointement la r\u00e9tention d\u2019eau sur les toits en s\u00e9dum dans le cadre d\u2019un projet qui a dur\u00e9 plus de trois ans. L\u2019absorption et la r\u00e9tention de l\u2019eau de pluie ont \u00e9t\u00e9 mesur\u00e9es dans diff\u00e9rentes conditions m\u00e9t\u00e9orologiques \u00e0 plusieurs endroits.<\/p>\n<p>Comme les mesures ont \u00e9t\u00e9 effectu\u00e9es \u00e0 grande \u00e9chelle et en temps r\u00e9el, les r\u00e9sultats sont des chiffres sur lesquels on peut s\u2019appuyer dans le monde r\u00e9el. Et les r\u00e9sultats ont \u00e9t\u00e9 agr\u00e9ablement surprenants. Il s\u2019av\u00e8re que les toits en s\u00e9dum retiennent beaucoup plus d\u2019eau de pluie qu\u2019on ne le pensait.<\/p>\n<\/div>\n<p><img decoding=\"async\" src=\"\/wp-content\/uploads\/2026\/04\/Vandtilbagehold_FR_Vandtilbagehold-2.png\" alt=\"\"><br \/>\n<img decoding=\"async\" src=\"\/wp-content\/uploads\/2024\/03\/Vejle_psyk_3.jpg\" alt=\"\"><\/p>\n<h2>Les toits de s\u00e9dums sont l\u2019avenir de la gestion de l\u2019eau de pluie<\/h2>\n<div>\n<p>Selon les conditions m\u00e9t\u00e9orologiques, un toit de s\u00e9dums peut retenir jusqu\u2019\u00e0 60 % de l\u2019ensemble de l\u2019eau de pluie sur une base annuelle, et jusqu\u2019\u00e0 90 % en \u00e9t\u00e9. Cela signifie que la r\u00e9tention de l\u2019eau de pluie par un toit de s\u00e9dum pourra compenser les effets du changement climatique lors de la conception des r\u00e9seaux d\u2019eaux pluviales et d\u2019\u00e9gouts.<\/p>\n<p>Les \u00e9tudes montrent \u00e9galement que les toits en s\u00e9dum offrent une meilleure protection que pr\u00e9vu contre les temp\u00eates de neige. L\u2019\u00e9tude a montr\u00e9 que les toits en s\u00e9dum pouvaient retenir jusqu\u2019\u00e0 20 mm d\u2019eau de pluie et retarder le ruissellement beaucoup plus que pr\u00e9vu.<\/p>\n<p>Les toitures en s\u00e9dum peuvent contribuer \u00e0 la fois \u00e0 la gestion quotidienne de l\u2019eau de pluie et \u00e0 la r\u00e9tention d\u2019eau pendant les temp\u00eates. Il s\u2019agit l\u00e0 d\u2019un avantage consid\u00e9rable aujourd\u2019hui, et qui le sera encore plus \u00e0 l\u2019avenir, puisque les niveaux de pr\u00e9cipitations devraient augmenter de 25 % d\u2019ici \u00e0 2100.<\/p>\n<\/div>\n<h2>Comment le ruissellement et la r\u00e9tention d\u2019eau de pluie sont-ils analys\u00e9s?<\/h2>\n<div>\n<p>L\u2019\u00e9tude de la r\u00e9tention d\u2019eau sur les toits verts a \u00e9t\u00e9 men\u00e9e par Nature Impact A\/S en collaboration avec DHI et Grontmij (qui fait maintenant partie de Sweco). L\u2019\u00e9tude est soutenue financi\u00e8rement par Realdania. Le programme d\u2019essais et de mesures se poursuit avec l\u2019analyse des donn\u00e9es par Niels Eisum de Huginn Consult et les contributions et analyses de Kr\u00fcger.<\/p>\n<p>La r\u00e9tention d\u2019eau est calcul\u00e9e par des mesures continues dans le puits de drainage du toit, combin\u00e9es \u00e0 un d\u00e9bitm\u00e8tre magn\u00e9tique inductif et \u00e0 un logiciel de collecte et d\u2019analyse des donn\u00e9es.<\/p>\n<\/div>\n<p><img decoding=\"async\" src=\"\/wp-content\/uploads\/2024\/09\/Vandtilbagehold_Vandtilbagehold-4-1.png\" alt=\"\"><br \/>\n<img decoding=\"async\" src=\"\/wp-content\/uploads\/ikon-animeret.gif\" alt=\"\"><\/p>\n<h2>Transformez votre toit vert en projet LAR<\/h2>\n<div>\n<p>Jusqu\u2019\u00e0 2 millions de m2 de toits en s\u00e9dum ont \u00e9t\u00e9 install\u00e9s au Danemark au cours des dix derni\u00e8res ann\u00e9es, et les toits verts sont souvent combin\u00e9s \u00e0 d\u2019autres syst\u00e8mes LAR afin d\u2019optimiser le drainage local des eaux de pluie du b\u00e2timent.<\/p>\n<p>Pour les nouvelles constructions, les solutions LAR sont un \u00e9l\u00e9ment essentiel de la conception du b\u00e2timent et contribuent \u00e0 cr\u00e9er une zone prot\u00e9g\u00e9e contre les inondations lors d\u2019\u00e9v\u00e9nements m\u00e9t\u00e9orologiques extr\u00eames, aujourd\u2019hui et \u00e0 l\u2019avenir. En m\u00eame temps, le plan local exige souvent que les syst\u00e8mes LAR soient inclus dans les projets de construction.<\/p>\n<\/div>\n<h2>Laissez-nous vous aider avec votre solution LAR<\/h2>\n<div>\n<p>Vous souhaitez en savoir plus sur la fa\u00e7on dont une toiture en s\u00e9dum peut faire partie de votre projet LAR ? Prenez contact avec nos experts exp\u00e9riment\u00e9s et discutons des toits de s\u00e9dums en tant que solution LAR pour votre b\u00e2timent.<\/p>\n<p>En int\u00e9grant un toit de s\u00e9dum \u00e0 la solution LAR du b\u00e2timent, vous pouvez souvent \u00e9conomiser sur d\u2019autres syst\u00e8mes LAR plus co\u00fbteux, car la capacit\u00e9 du toit \u00e0 retenir l\u2019eau r\u00e9duit le besoin de bassins d\u2019eau de pluie, par exemple.<\/p>\n<\/div>\n<p><p>\n        <a href=\"https:\/\/natureimpact.com\/fr\/a-propos-de-nature-impact\/contact\/\">Contact<\/a>\n    <\/p>\n<\/p>\n<div>\n<p>        <img decoding=\"async\" src=\"\/wp-content\/uploads\/2024\/03\/Kaspar.jpg\" alt=\"\"><\/p>\n<h2>Avez-vous des questions sur la R\u00c9TENTION D&rsquo;EAU?<\/h2>\n<div>\n<p><strong>Kaspar Berthelsen<\/strong> Chief Marketing Officer<br \/><a href=\"mailto:kb@natureimpact.com\">kb@natureimpact.com<\/a><br \/><a href=\"tel:+4551270316\">+45 5127 0316<\/a><\/p>\n<\/div>\n<\/div>\n<hr>\n<p><!--more--><br \/>\n<!-- {\"type\":\"layout\",\"children\":[{\"type\":\"section\",\"props\":{\"height\":\"viewport\",\"height_viewport_offset\":true,\"image\":\"wp-content\/uploads\/2024\/02\/poppel.jpg\",\"image_position\":\"center-center\",\"image_size\":\"cover\",\"style\":\"default\",\"title_breakpoint\":\"xl\",\"title_position\":\"top-left\",\"title_rotation\":\"left\",\"vertical_align\":\"middle\",\"width\":\"default\"},\"children\":[{\"type\":\"row\",\"children\":[{\"type\":\"column\",\"props\":{\"image_position\":\"center-center\",\"position_sticky_breakpoint\":\"m\"}}]}]},{\"name\":\"About\",\"type\":\"section\",\"props\":{\"animation\":\"fade\",\"animation_delay\":\"200\",\"image\":\"wp-content\/uploads\/2023\/12\/NI_White.svg\",\"image_effect\":\"parallax\",\"image_parallax_bgy\":\"-100,-100\",\"image_position\":\"center-center\",\"image_width\":1000,\"media_focal_point\":\"top-right\",\"padding_bottom\":\"large\",\"padding_top\":\"large\",\"style\":\"default\",\"title_breakpoint\":\"xl\",\"title_position\":\"top-left\",\"title_rotation\":\"left\",\"vertical_align\":\"\",\"width\":\"default\"},\"children\":[{\"type\":\"row\",\"props\":{\"column_gap\":\"large\",\"layout\":\"3-5,2-5\",\"width\":\"default\"},\"children\":[{\"type\":\"column\",\"props\":{\"image_position\":\"center-center\",\"position_sticky_breakpoint\":\"m\",\"width_medium\":\"3-5\"},\"children\":[{\"type\":\"headline\",\"props\":{\"content\":\"r\u00e9tention d\u2019eau et GESTION LOCALE DES EAUX PLUVIALES (LAR)\",\"image_align\":\"left\",\"image_margin\":\"xsmall\",\"maxwidth\":\"xlarge\",\"text_align\":\"left\",\"title_element\":\"h1\",\"title_style\":\"h1\",\"visibility\":\"s\"}},{\"type\":\"text\",\"props\":{\"column_breakpoint\":\"m\",\"content\":\"\n\n<p>Le changement climatique et l\u2019augmentation des pr\u00e9cipitations font de la r\u00e9tention d\u2019eau et de la gestion des eaux pluviales des \u00e9l\u00e9ments cl\u00e9s des constructions futures. Lorsqu\u2019il pleut beaucoup, nos syst\u00e8mes d\u2019\u00e9gouts ne peuvent pas suivre, ce qui peut entra\u00eener des inondations. Les toits en s\u00e9dum peuvent faire partie de la solution. Les plantes vertes du toit et le milieu de culture peuvent absorber de grandes quantit\u00e9s de pr\u00e9cipitations et retarder le ruissellement de mani\u00e8re que les \u00e9gouts puissent suivre.<\/p>\n\n\\n\n\n<p>Les toits verts sont donc les toits de l\u2019avenir et peuvent faire partie de la solution pour g\u00e9rer l\u2019augmentation des pr\u00e9cipitations et le ruissellement des eaux pluviales locales.<\/p>\n\n\\n\\n\\n\n\n<p><span class=\\\"uk-text-lead\\\">Et nous ne nous contentons pas de dire cela. Nous avons particip\u00e9 \u00e0 des \u00e9tudes approfondies au cours desquelles nos toits ont \u00e9t\u00e9 test\u00e9s pour leur capacit\u00e9 \u00e0 retenir l\u2019eau de pluie. Ces \u00e9tudes montrent que les toitures en s\u00e9dum peuvent faire une diff\u00e9rence encore plus grande que ce que l\u2019on pensait.<\/span><\/p>\n\n\",\"margin_bottom\":\"medium\",\"margin_top\":\"medium\",\"maxwidth\":\"xlarge\",\"text_color\":\"emphasis\"}}]},{\"type\":\"column\",\"props\":{\"image_position\":\"center-center\",\"position_sticky_breakpoint\":\"m\",\"width_medium\":\"2-5\"},\"children\":[{\"type\":\"image\",\"props\":{\"animation\":\"parallax\",\"image\":\"wp-content\/uploads\/2026\/04\/Vandtilbagehold_FR_Vandtilbagehold-1.png\",\"image_svg_color\":\"emphasis\",\"image_width\":600,\"margin_bottom\":\"default\",\"margin_top\":\"default\",\"parallax_scale\":\"0.8,1\",\"text_align\":\"center\"}}]}]}]},{\"type\":\"section\",\"props\":{\"animation\":\"fade\",\"animation_delay\":\"200\",\"image_position\":\"center-center\",\"style\":\"default\",\"title_breakpoint\":\"xl\",\"title_position\":\"top-left\",\"title_rotation\":\"left\",\"vertical_align\":\"middle\",\"width\":\"default\"},\"children\":[{\"type\":\"row\",\"children\":[{\"type\":\"column\",\"props\":{\"image_position\":\"center-center\",\"position_sticky_breakpoint\":\"m\"},\"children\":[{\"type\":\"image\",\"props\":{\"image\":\"wp-content\/uploads\/2026\/04\/Vandtilbagehold_FR_Vandtilbagehold-FR.png\",\"image_svg_color\":\"emphasis\",\"margin_bottom\":\"default\",\"margin_top\":\"default\",\"text_align\":\"center\"}}]}]}]},{\"type\":\"section\",\"props\":{\"image_position\":\"center-center\",\"style\":\"default\",\"title_breakpoint\":\"xl\",\"title_position\":\"top-left\",\"title_rotation\":\"left\",\"vertical_align\":\"middle\",\"width\":\"default\",\"width_expand\":\"right\"},\"children\":[{\"type\":\"row\",\"props\":{\"column_gap\":\"large\",\"layout\":\"1-2,1-2\"},\"children\":[{\"type\":\"column\",\"props\":{\"image_position\":\"center-center\",\"position_sticky_breakpoint\":\"m\",\"width_medium\":\"1-2\"},\"children\":[{\"type\":\"headline\",\"props\":{\"content\":\"Test de r\u00e9tention d\u2019eau des toits en s\u00e9dum\",\"image_align\":\"left\",\"image_margin\":\"xsmall\",\"maxwidth\":\"xlarge\",\"text_align\":\"left\",\"title_element\":\"h2\",\"title_style\":\"h1\",\"visibility\":\"s\"}},{\"type\":\"text\",\"props\":{\"column_breakpoint\":\"m\",\"content\":\"\n\n<p>DHI et Nature Impact ont \u00e9tudi\u00e9 conjointement la r\u00e9tention d\u2019eau sur les toits en s\u00e9dum dans le cadre d\u2019un projet qui a dur\u00e9 plus de trois ans. L\u2019absorption et la r\u00e9tention de l\u2019eau de pluie ont \u00e9t\u00e9 mesur\u00e9es dans diff\u00e9rentes conditions m\u00e9t\u00e9orologiques \u00e0 plusieurs endroits.<\/p>\n\n\\n\n\n<p>Comme les mesures ont \u00e9t\u00e9 effectu\u00e9es \u00e0 grande \u00e9chelle et en temps r\u00e9el, les r\u00e9sultats sont des chiffres sur lesquels on peut s\u2019appuyer dans le monde r\u00e9el. Et les r\u00e9sultats ont \u00e9t\u00e9 agr\u00e9ablement surprenants. Il s\u2019av\u00e8re que les toits en s\u00e9dum retiennent beaucoup plus d\u2019eau de pluie qu\u2019on ne le pensait.<\/p>\n\n\",\"margin_bottom\":\"medium\",\"margin_top\":\"medium\",\"maxwidth\":\"xlarge\",\"text_color\":\"emphasis\"}}]},{\"type\":\"column\",\"props\":{\"image_position\":\"center-center\",\"position_sticky_breakpoint\":\"m\",\"vertical_align\":\"middle\",\"width_medium\":\"1-2\"},\"children\":[{\"type\":\"image\",\"props\":{\"animation\":\"parallax\",\"image\":\"wp-content\/uploads\/2026\/04\/Vandtilbagehold_FR_Vandtilbagehold-2.png\",\"image_svg_color\":\"emphasis\",\"margin_bottom\":\"default\",\"margin_top\":\"default\",\"parallax_scale\":\"1.1,1.1\",\"parallax_x\":\"80 0%,40 24%\",\"text_align\":\"right\"}}]}]}]},{\"type\":\"section\",\"props\":{\"animation\":\"fade\",\"animation_delay\":\"200\",\"image_position\":\"center-center\",\"style\":\"default\",\"title_breakpoint\":\"xl\",\"title_position\":\"top-left\",\"title_rotation\":\"left\",\"vertical_align\":\"middle\",\"width\":\"default\",\"width_expand\":\"left\"},\"children\":[{\"type\":\"row\",\"props\":{\"column_gap\":\"large\",\"layout\":\"1-2,1-2\"},\"children\":[{\"type\":\"column\",\"props\":{\"image_position\":\"center-center\",\"position_sticky_breakpoint\":\"m\",\"width_medium\":\"1-2\"},\"children\":[{\"type\":\"image\",\"props\":{\"animation\":\"parallax\",\"image\":\"wp-content\/uploads\/2024\/03\/Vejle_psyk_3.jpg\",\"image_svg_color\":\"emphasis\",\"margin_bottom\":\"default\",\"margin_top\":\"default\",\"parallax_x\":\"-40,-40\",\"text_align\":\"left\"}}]},{\"type\":\"column\",\"props\":{\"image_position\":\"center-center\",\"position_sticky_breakpoint\":\"m\",\"vertical_align\":\"middle\",\"width_medium\":\"1-2\"},\"children\":[{\"type\":\"headline\",\"props\":{\"content\":\"Les toits de s\u00e9dums sont l\u2019avenir de la gestion de l\u2019eau de pluie\",\"image_align\":\"left\",\"image_margin\":\"xsmall\",\"maxwidth\":\"xlarge\",\"text_align\":\"left\",\"title_element\":\"h2\",\"title_style\":\"h1\",\"visibility\":\"s\"}},{\"type\":\"text\",\"props\":{\"column_breakpoint\":\"m\",\"content\":\"\n\n<p>Selon les conditions m\u00e9t\u00e9orologiques, un toit de s\u00e9dums peut retenir jusqu\u2019\u00e0 60 % de l\u2019ensemble de l\u2019eau de pluie sur une base annuelle, et jusqu\u2019\u00e0 90 % en \u00e9t\u00e9. Cela signifie que la r\u00e9tention de l\u2019eau de pluie par un toit de s\u00e9dum pourra compenser les effets du changement climatique lors de la conception des r\u00e9seaux d\u2019eaux pluviales et d\u2019\u00e9gouts.<\/p>\n\n\\n\n\n<p>Les \u00e9tudes montrent \u00e9galement que les toits en s\u00e9dum offrent une meilleure protection que pr\u00e9vu contre les temp\u00eates de neige. L\u2019\u00e9tude a montr\u00e9 que les toits en s\u00e9dum pouvaient retenir jusqu\u2019\u00e0 20 mm d\u2019eau de pluie et retarder le ruissellement beaucoup plus que pr\u00e9vu.<\/p>\n\n\\n\n\n<p>Les toitures en s\u00e9dum peuvent contribuer \u00e0 la fois \u00e0 la gestion quotidienne de l\u2019eau de pluie et \u00e0 la r\u00e9tention d\u2019eau pendant les temp\u00eates. Il s\u2019agit l\u00e0 d\u2019un avantage consid\u00e9rable aujourd\u2019hui, et qui le sera encore plus \u00e0 l\u2019avenir, puisque les niveaux de pr\u00e9cipitations devraient augmenter de 25 % d\u2019ici \u00e0 2100.<\/p>\n\n\",\"margin_bottom\":\"medium\",\"margin_top\":\"medium\",\"maxwidth\":\"xlarge\",\"text_color\":\"emphasis\"}}]}]}]},{\"type\":\"section\",\"props\":{\"image_position\":\"center-center\",\"padding_bottom\":\"large\",\"padding_top\":\"large\",\"style\":\"default\",\"title_breakpoint\":\"xl\",\"title_position\":\"top-left\",\"title_rotation\":\"left\",\"vertical_align\":\"middle\",\"width\":\"default\"},\"children\":[{\"type\":\"row\",\"props\":{\"layout\":\"1-5,3-5,1-5\"},\"children\":[{\"type\":\"column\",\"props\":{\"image_position\":\"center-center\",\"position_sticky_breakpoint\":\"m\",\"width_medium\":\"1-5\"}},{\"type\":\"column\",\"props\":{\"image_position\":\"center-center\",\"padding\":\"large\",\"position_sticky_breakpoint\":\"m\",\"style\":\"tile-secondary\",\"width_medium\":\"3-5\"},\"children\":[{\"type\":\"headline\",\"props\":{\"block_align\":\"center\",\"content\":\"Comment le ruissellement et la r\u00e9tention d\u2019eau de pluie sont-ils analys\u00e9s?\",\"image_align\":\"left\",\"image_margin\":\"xsmall\",\"maxwidth\":\"large\",\"text_align\":\"left\",\"title_element\":\"h2\",\"title_style\":\"h1\",\"visibility\":\"s\"}},{\"type\":\"text\",\"props\":{\"block_align\":\"center\",\"column_breakpoint\":\"m\",\"content\":\"\n\n<p>L\u2019\u00e9tude de la r\u00e9tention d\u2019eau sur les toits verts a \u00e9t\u00e9 men\u00e9e par Nature Impact A\/S en collaboration avec DHI et Grontmij (qui fait maintenant partie de Sweco). L\u2019\u00e9tude est soutenue financi\u00e8rement par Realdania. Le programme d\u2019essais et de mesures se poursuit avec l\u2019analyse des donn\u00e9es par Niels Eisum de Huginn Consult et les contributions et analyses de Kr\u00fcger.<\/p>\n\n\\n\n\n<p>La r\u00e9tention d\u2019eau est calcul\u00e9e par des mesures continues dans le puits de drainage du toit, combin\u00e9es \u00e0 un d\u00e9bitm\u00e8tre magn\u00e9tique inductif et \u00e0 un logiciel de collecte et d\u2019analyse des donn\u00e9es.<\/p>\n\n\",\"margin_bottom\":\"medium\",\"margin_top\":\"medium\",\"maxwidth\":\"large\",\"text_color\":\"emphasis\"}},{\"type\":\"image\",\"props\":{\"block_align\":\"center\",\"image\":\"wp-content\/uploads\/2024\/09\/Vandtilbagehold_Vandtilbagehold-4-1.png\",\"image_svg_color\":\"emphasis\",\"margin_bottom\":\"large\",\"margin_top\":\"large\",\"maxwidth\":\"large\"}}]},{\"type\":\"column\",\"props\":{\"image_position\":\"center-center\",\"position_sticky_breakpoint\":\"m\",\"width_medium\":\"1-5\"},\"children\":[{\"type\":\"image\",\"props\":{\"animation\":\"parallax\",\"image\":\"wp-content\/uploads\/ikon-animeret.gif\",\"image_svg_color\":\"emphasis\",\"margin_bottom\":\"default\",\"margin_top\":\"default\",\"parallax_scale\":\"1.6,1.6\",\"parallax_x\":\"-200,-200\",\"parallax_y\":\"-50,-50\"}}]}]}]},{\"type\":\"section\",\"props\":{\"height\":\"pixels\",\"height_viewport\":600,\"image\":\"wp-content\/uploads\/2024\/02\/nature-roof2.jpg\",\"image_effect\":\"parallax\",\"image_parallax_bgy\":\"400\",\"image_parallax_easing\":\"0.7\",\"image_position\":\"center-center\",\"image_size\":\"cover\",\"media_focal_point\":\"bottom-center\",\"style\":\"default\",\"title_breakpoint\":\"xl\",\"title_position\":\"top-left\",\"title_rotation\":\"left\",\"vertical_align\":\"middle\",\"width\":\"default\"},\"children\":[{\"type\":\"row\",\"children\":[{\"type\":\"column\",\"props\":{\"image_position\":\"center-center\",\"position_sticky_breakpoint\":\"m\"}}]}]},{\"type\":\"section\",\"props\":{\"image_position\":\"center-center\",\"padding_bottom\":\"large\",\"padding_top\":\"large\",\"style\":\"default\",\"title_breakpoint\":\"xl\",\"title_position\":\"top-left\",\"title_rotation\":\"left\",\"vertical_align\":\"middle\",\"width\":\"default\"},\"children\":[{\"type\":\"row\",\"children\":[{\"type\":\"column\",\"props\":{\"image_position\":\"center-center\",\"position_sticky_breakpoint\":\"m\",\"width_medium\":\"1-2\"},\"children\":[{\"type\":\"headline\",\"props\":{\"block_align\":\"center\",\"content\":\"Transformez votre toit vert en projet LAR\",\"image_align\":\"left\",\"image_margin\":\"xsmall\",\"maxwidth\":\"large\",\"text_align\":\"left\",\"title_element\":\"h2\",\"title_style\":\"h1\",\"visibility\":\"s\"}},{\"type\":\"text\",\"props\":{\"block_align\":\"center\",\"column_breakpoint\":\"m\",\"content\":\"\n\n<p>Jusqu\u2019\u00e0 2 millions de m2 de toits en s\u00e9dum ont \u00e9t\u00e9 install\u00e9s au Danemark au cours des dix derni\u00e8res ann\u00e9es, et les toits verts sont souvent combin\u00e9s \u00e0 d\u2019autres syst\u00e8mes LAR afin d\u2019optimiser le drainage local des eaux de pluie du b\u00e2timent.<\/p>\n\n\\n\n\n<p>Pour les nouvelles constructions, les solutions LAR sont un \u00e9l\u00e9ment essentiel de la conception du b\u00e2timent et contribuent \u00e0 cr\u00e9er une zone prot\u00e9g\u00e9e contre les inondations lors d\u2019\u00e9v\u00e9nements m\u00e9t\u00e9orologiques extr\u00eames, aujourd\u2019hui et \u00e0 l\u2019avenir. En m\u00eame temps, le plan local exige souvent que les syst\u00e8mes LAR soient inclus dans les projets de construction.<\/p>\n\n\\n\",\"margin_bottom\":\"medium\",\"margin_top\":\"medium\",\"maxwidth\":\"large\",\"text_color\":\"emphasis\"}}]},{\"type\":\"column\",\"props\":{\"image_position\":\"center-center\",\"position_sticky_breakpoint\":\"m\",\"width_medium\":\"1-2\"},\"children\":[{\"type\":\"headline\",\"props\":{\"block_align\":\"center\",\"content\":\"Laissez-nous vous aider avec votre solution LAR\",\"image_align\":\"left\",\"image_margin\":\"xsmall\",\"maxwidth\":\"large\",\"text_align\":\"left\",\"title_element\":\"h2\",\"title_style\":\"h1\",\"visibility\":\"s\"}},{\"type\":\"text\",\"props\":{\"block_align\":\"center\",\"column_breakpoint\":\"m\",\"content\":\"\n\n<p>Vous souhaitez en savoir plus sur la fa\u00e7on dont une toiture en s\u00e9dum peut faire partie de votre projet LAR ? Prenez contact avec nos experts exp\u00e9riment\u00e9s et discutons des toits de s\u00e9dums en tant que solution LAR pour votre b\u00e2timent.<\/p>\n\n\\n\n\n<p>En int\u00e9grant un toit de s\u00e9dum \u00e0 la solution LAR du b\u00e2timent, vous pouvez souvent \u00e9conomiser sur d\u2019autres syst\u00e8mes LAR plus co\u00fbteux, car la capacit\u00e9 du toit \u00e0 retenir l\u2019eau r\u00e9duit le besoin de bassins d\u2019eau de pluie, par exemple.<\/p>\n\n\",\"margin_bottom\":\"medium\",\"margin_top\":\"medium\",\"maxwidth\":\"large\",\"text_color\":\"emphasis\"}},{\"type\":\"button\",\"props\":{\"block_align\":\"center\",\"grid_column_gap\":\"small\",\"grid_row_gap\":\"small\",\"margin_bottom\":\"default\",\"margin_top\":\"default\",\"maxwidth\":\"large\"},\"children\":[{\"type\":\"button_item\",\"props\":{\"button_style\":\"default\",\"content\":\"Contact\",\"dialog_layout\":\"modal\",\"dialog_offcanvas_flip\":true,\"icon_align\":\"left\",\"link\":\"fr\/a-propos-de-nature-impact\/contact\/\"}}]}]}],\"props\":{\"layout\":\"1-2,1-2\"}}]},{\"type\":\"section\",\"props\":{\"image_position\":\"center-center\",\"padding_bottom\":\"small\",\"padding_top\":\"small\",\"preserve_color\":false,\"style\":\"muted\",\"title_breakpoint\":\"xl\",\"title_position\":\"top-left\",\"title_rotation\":\"left\",\"vertical_align\":\"\",\"width\":\"default\"},\"children\":[{\"type\":\"row\",\"props\":{\"column_gap\":\"large\",\"divider\":true,\"layout\":\"1-2,1-2\"},\"children\":[{\"type\":\"column\",\"props\":{\"image_position\":\"center-center\",\"position_sticky_breakpoint\":\"m\",\"vertical_align\":\"middle\",\"width_medium\":\"1-2\"}},{\"type\":\"column\",\"props\":{\"image_position\":\"center-center\",\"position_sticky_breakpoint\":\"m\",\"vertical_align\":\"middle\",\"width_medium\":\"1-2\"},\"children\":[{\"type\":\"panel\",\"props\":{\"content\":\"\n\n<p><strong>Kaspar Berthelsen<\/strong> Chief Marketing Officer<br \/><a href=\\\"mailto:kb@natureimpact.com\\\">kb@natureimpact.com<\/a><br \/><a href=\\\"tel:+4551270316\\\">+45 5127 0316<\/a><\/p>\n\n\",\"content_column_breakpoint\":\"m\",\"content_margin\":\"small\",\"image\":\"wp-content\/uploads\/2024\/03\/Kaspar.jpg\",\"image_align\":\"left\",\"image_box_decoration\":\"shadow\",\"image_box_shadow\":\"xlarge\",\"image_grid_breakpoint\":\"m\",\"image_grid_width\":\"1-3\",\"image_height\":550,\"image_svg_color\":\"emphasis\",\"image_vertical_align\":true,\"image_width\":500,\"link_style\":\"default\",\"link_text\":\"Read more\",\"margin_bottom\":\"default\",\"margin_top\":\"default\",\"meta_align\":\"below-title\",\"meta_element\":\"div\",\"meta_style\":\"text-meta\",\"panel_image_no_padding\":false,\"title\":\"Avez-vous des questions sur la R\u00c9TENTION D'EAU?\",\"title_align\":\"top\",\"title_element\":\"h2\",\"title_grid_breakpoint\":\"m\",\"title_grid_width\":\"1-2\",\"title_hover_style\":\"reset\",\"title_style\":\"h5\"},\"name\":\"sp\"}]}]}],\"name\":\"SV - Download bj\u00e6lke i bund - Kasper\"},{\"type\":\"section\",\"props\":{\"image_position\":\"center-center\",\"padding_bottom\":\"xsmall\",\"padding_top\":\"xsmall\",\"style\":\"primary\",\"title_breakpoint\":\"xl\",\"title_position\":\"top-left\",\"title_rotation\":\"left\",\"vertical_align\":\"middle\",\"width\":\"default\"},\"children\":[{\"type\":\"row\",\"children\":[{\"type\":\"column\",\"props\":{\"image_position\":\"center-center\",\"position_sticky_breakpoint\":\"m\"},\"children\":[{\"type\":\"breadcrumbs\",\"props\":{\"show_current\":true,\"show_home\":true,\"text_align\":\"right\"}},{\"type\":\"divider\",\"props\":{\"divider_element\":\"hr\"}}]}]}],\"name\":\"Br\u00f8dkrumme over footer\"}],\"version\":\"5.0.29\"} --><\/p>\n","protected":false},"excerpt":{"rendered":"<p>r\u00e9tention d\u2019eau et GESTION LOCALE DES EAUX PLUVIALES (LAR) Le changement climatique et l\u2019augmentation des pr\u00e9cipitations font de la r\u00e9tention d\u2019eau et de la gestion des eaux pluviales des \u00e9l\u00e9ments cl\u00e9s des constructions futures. Lorsqu\u2019il pleut beaucoup, nos syst\u00e8mes d\u2019\u00e9gouts ne peuvent pas suivre, ce qui peut entra\u00eener des inondations. Les toits en s\u00e9dum peuvent [&hellip;]<\/p>\n","protected":false},"author":1,"featured_media":0,"parent":5296,"menu_order":0,"comment_status":"closed","ping_status":"closed","template":"","meta":{"_acf_changed":false,"footnotes":""},"class_list":["post-5523","page","type-page","status-publish","hentry"],"acf":[],"yoast_head":"<!-- This site is optimized with the Yoast SEO plugin v27.4 - https:\/\/yoast.com\/product\/yoast-seo-wordpress\/ -->\n<title>Toitures en s\u00e9dum et r\u00e9tention d\u2019eau \u2013 Transformez votre toiture<\/title>\n<meta name=\"description\" content=\"Les toitures en s\u00e9dum sont optimales pour absorber l\u2019eau de pluie et peuvent faire partie de la solution \u00e0 l\u2019augmentation des pr\u00e9cipitations \u00e0 l\u2019avenir. Pour en savoir plus sur les toitures en s\u00e9dum en tant que solution LAR, cliquez ici.\" \/>\n<meta name=\"robots\" content=\"index, follow, max-snippet:-1, max-image-preview:large, max-video-preview:-1\" \/>\n<link rel=\"canonical\" href=\"https:\/\/natureimpact.com\/fr\/toiture-vegetalisee\/retention-deau-et-lar\/\" \/>\n<meta property=\"og:locale\" content=\"fr_FR\" \/>\n<meta property=\"og:type\" content=\"article\" \/>\n<meta property=\"og:title\" content=\"Toitures en s\u00e9dum et r\u00e9tention d\u2019eau \u2013 Transformez votre toiture\" \/>\n<meta property=\"og:description\" content=\"Les toitures en s\u00e9dum sont optimales pour absorber l\u2019eau de pluie et peuvent faire partie de la solution \u00e0 l\u2019augmentation des pr\u00e9cipitations \u00e0 l\u2019avenir. Pour en savoir plus sur les toitures en s\u00e9dum en tant que solution LAR, cliquez ici.\" \/>\n<meta property=\"og:url\" content=\"https:\/\/natureimpact.com\/fr\/toiture-vegetalisee\/retention-deau-et-lar\/\" \/>\n<meta property=\"og:site_name\" content=\"Nature Impact\" \/>\n<meta property=\"article:modified_time\" content=\"2026-04-24T04:47:06+00:00\" \/>\n<meta property=\"og:image\" content=\"https:\/\/natureimpact.com\/wp-content\/uploads\/2023\/12\/NI_900px.png\" \/>\n\t<meta property=\"og:image:width\" content=\"929\" \/>\n\t<meta property=\"og:image:height\" content=\"841\" \/>\n\t<meta property=\"og:image:type\" content=\"image\/png\" \/>\n<meta name=\"twitter:card\" content=\"summary_large_image\" \/>\n<script type=\"application\/ld+json\" class=\"yoast-schema-graph\">{\"@context\":\"https:\\\/\\\/schema.org\",\"@graph\":[{\"@type\":\"WebPage\",\"@id\":\"https:\\\/\\\/natureimpact.com\\\/fr\\\/toiture-vegetalisee\\\/retention-deau-et-lar\\\/\",\"url\":\"https:\\\/\\\/natureimpact.com\\\/fr\\\/toiture-vegetalisee\\\/retention-deau-et-lar\\\/\",\"name\":\"Toitures en s\u00e9dum et r\u00e9tention d\u2019eau \u2013 Transformez votre toiture\",\"isPartOf\":{\"@id\":\"https:\\\/\\\/natureimpact.com\\\/fr\\\/#website\"},\"datePublished\":\"2024-05-20T05:15:19+00:00\",\"dateModified\":\"2026-04-24T04:47:06+00:00\",\"description\":\"Les toitures en s\u00e9dum sont optimales pour absorber l\u2019eau de pluie et peuvent faire partie de la solution \u00e0 l\u2019augmentation des pr\u00e9cipitations \u00e0 l\u2019avenir. Pour en savoir plus sur les toitures en s\u00e9dum en tant que solution LAR, cliquez ici.\",\"breadcrumb\":{\"@id\":\"https:\\\/\\\/natureimpact.com\\\/fr\\\/toiture-vegetalisee\\\/retention-deau-et-lar\\\/#breadcrumb\"},\"inLanguage\":\"fr-FR\",\"potentialAction\":[{\"@type\":\"ReadAction\",\"target\":[\"https:\\\/\\\/natureimpact.com\\\/fr\\\/toiture-vegetalisee\\\/retention-deau-et-lar\\\/\"]}]},{\"@type\":\"BreadcrumbList\",\"@id\":\"https:\\\/\\\/natureimpact.com\\\/fr\\\/toiture-vegetalisee\\\/retention-deau-et-lar\\\/#breadcrumb\",\"itemListElement\":[{\"@type\":\"ListItem\",\"position\":1,\"name\":\"Accueil\",\"item\":\"https:\\\/\\\/natureimpact.com\\\/fr\\\/\"},{\"@type\":\"ListItem\",\"position\":2,\"name\":\"Toiture v\u00e9g\u00e9talis\u00e9e\",\"item\":\"https:\\\/\\\/natureimpact.com\\\/fr\\\/toiture-vegetalisee\\\/\"},{\"@type\":\"ListItem\",\"position\":3,\"name\":\"R\u00c9TENTION D\u2019EAU ET LAR\"}]},{\"@type\":\"WebSite\",\"@id\":\"https:\\\/\\\/natureimpact.com\\\/fr\\\/#website\",\"url\":\"https:\\\/\\\/natureimpact.com\\\/fr\\\/\",\"name\":\"Nature Impact\",\"description\":\"\",\"publisher\":{\"@id\":\"https:\\\/\\\/natureimpact.com\\\/fr\\\/#organization\"},\"potentialAction\":[{\"@type\":\"SearchAction\",\"target\":{\"@type\":\"EntryPoint\",\"urlTemplate\":\"https:\\\/\\\/natureimpact.com\\\/fr\\\/?s={search_term_string}\"},\"query-input\":{\"@type\":\"PropertyValueSpecification\",\"valueRequired\":true,\"valueName\":\"search_term_string\"}}],\"inLanguage\":\"fr-FR\"},{\"@type\":\"Organization\",\"@id\":\"https:\\\/\\\/natureimpact.com\\\/fr\\\/#organization\",\"name\":\"Nature Impact\",\"url\":\"https:\\\/\\\/natureimpact.com\\\/fr\\\/\",\"logo\":{\"@type\":\"ImageObject\",\"inLanguage\":\"fr-FR\",\"@id\":\"https:\\\/\\\/natureimpact.com\\\/fr\\\/#\\\/schema\\\/logo\\\/image\\\/\",\"url\":\"https:\\\/\\\/natureimpact.com\\\/wp-content\\\/uploads\\\/2025\\\/05\\\/NI_900px.png\",\"contentUrl\":\"https:\\\/\\\/natureimpact.com\\\/wp-content\\\/uploads\\\/2025\\\/05\\\/NI_900px.png\",\"width\":929,\"height\":841,\"caption\":\"Nature Impact\"},\"image\":{\"@id\":\"https:\\\/\\\/natureimpact.com\\\/fr\\\/#\\\/schema\\\/logo\\\/image\\\/\"}}]}<\/script>\n<!-- \/ Yoast SEO plugin. -->","yoast_head_json":{"title":"Toitures en s\u00e9dum et r\u00e9tention d\u2019eau \u2013 Transformez votre toiture","description":"Les toitures en s\u00e9dum sont optimales pour absorber l\u2019eau de pluie et peuvent faire partie de la solution \u00e0 l\u2019augmentation des pr\u00e9cipitations \u00e0 l\u2019avenir. Pour en savoir plus sur les toitures en s\u00e9dum en tant que solution LAR, cliquez ici.","robots":{"index":"index","follow":"follow","max-snippet":"max-snippet:-1","max-image-preview":"max-image-preview:large","max-video-preview":"max-video-preview:-1"},"canonical":"https:\/\/natureimpact.com\/fr\/toiture-vegetalisee\/retention-deau-et-lar\/","og_locale":"fr_FR","og_type":"article","og_title":"Toitures en s\u00e9dum et r\u00e9tention d\u2019eau \u2013 Transformez votre toiture","og_description":"Les toitures en s\u00e9dum sont optimales pour absorber l\u2019eau de pluie et peuvent faire partie de la solution \u00e0 l\u2019augmentation des pr\u00e9cipitations \u00e0 l\u2019avenir. Pour en savoir plus sur les toitures en s\u00e9dum en tant que solution LAR, cliquez ici.","og_url":"https:\/\/natureimpact.com\/fr\/toiture-vegetalisee\/retention-deau-et-lar\/","og_site_name":"Nature Impact","article_modified_time":"2026-04-24T04:47:06+00:00","og_image":[{"width":929,"height":841,"url":"https:\/\/natureimpact.com\/wp-content\/uploads\/2023\/12\/NI_900px.png","type":"image\/png"}],"twitter_card":"summary_large_image","schema":{"@context":"https:\/\/schema.org","@graph":[{"@type":"WebPage","@id":"https:\/\/natureimpact.com\/fr\/toiture-vegetalisee\/retention-deau-et-lar\/","url":"https:\/\/natureimpact.com\/fr\/toiture-vegetalisee\/retention-deau-et-lar\/","name":"Toitures en s\u00e9dum et r\u00e9tention d\u2019eau \u2013 Transformez votre toiture","isPartOf":{"@id":"https:\/\/natureimpact.com\/fr\/#website"},"datePublished":"2024-05-20T05:15:19+00:00","dateModified":"2026-04-24T04:47:06+00:00","description":"Les toitures en s\u00e9dum sont optimales pour absorber l\u2019eau de pluie et peuvent faire partie de la solution \u00e0 l\u2019augmentation des pr\u00e9cipitations \u00e0 l\u2019avenir. Pour en savoir plus sur les toitures en s\u00e9dum en tant que solution LAR, cliquez ici.","breadcrumb":{"@id":"https:\/\/natureimpact.com\/fr\/toiture-vegetalisee\/retention-deau-et-lar\/#breadcrumb"},"inLanguage":"fr-FR","potentialAction":[{"@type":"ReadAction","target":["https:\/\/natureimpact.com\/fr\/toiture-vegetalisee\/retention-deau-et-lar\/"]}]},{"@type":"BreadcrumbList","@id":"https:\/\/natureimpact.com\/fr\/toiture-vegetalisee\/retention-deau-et-lar\/#breadcrumb","itemListElement":[{"@type":"ListItem","position":1,"name":"Accueil","item":"https:\/\/natureimpact.com\/fr\/"},{"@type":"ListItem","position":2,"name":"Toiture v\u00e9g\u00e9talis\u00e9e","item":"https:\/\/natureimpact.com\/fr\/toiture-vegetalisee\/"},{"@type":"ListItem","position":3,"name":"R\u00c9TENTION D\u2019EAU ET LAR"}]},{"@type":"WebSite","@id":"https:\/\/natureimpact.com\/fr\/#website","url":"https:\/\/natureimpact.com\/fr\/","name":"Nature Impact","description":"","publisher":{"@id":"https:\/\/natureimpact.com\/fr\/#organization"},"potentialAction":[{"@type":"SearchAction","target":{"@type":"EntryPoint","urlTemplate":"https:\/\/natureimpact.com\/fr\/?s={search_term_string}"},"query-input":{"@type":"PropertyValueSpecification","valueRequired":true,"valueName":"search_term_string"}}],"inLanguage":"fr-FR"},{"@type":"Organization","@id":"https:\/\/natureimpact.com\/fr\/#organization","name":"Nature Impact","url":"https:\/\/natureimpact.com\/fr\/","logo":{"@type":"ImageObject","inLanguage":"fr-FR","@id":"https:\/\/natureimpact.com\/fr\/#\/schema\/logo\/image\/","url":"https:\/\/natureimpact.com\/wp-content\/uploads\/2025\/05\/NI_900px.png","contentUrl":"https:\/\/natureimpact.com\/wp-content\/uploads\/2025\/05\/NI_900px.png","width":929,"height":841,"caption":"Nature Impact"},"image":{"@id":"https:\/\/natureimpact.com\/fr\/#\/schema\/logo\/image\/"}}]}},"_links":{"self":[{"href":"https:\/\/natureimpact.com\/fr\/wp-json\/wp\/v2\/pages\/5523","targetHints":{"allow":["GET"]}}],"collection":[{"href":"https:\/\/natureimpact.com\/fr\/wp-json\/wp\/v2\/pages"}],"about":[{"href":"https:\/\/natureimpact.com\/fr\/wp-json\/wp\/v2\/types\/page"}],"author":[{"embeddable":true,"href":"https:\/\/natureimpact.com\/fr\/wp-json\/wp\/v2\/users\/1"}],"replies":[{"embeddable":true,"href":"https:\/\/natureimpact.com\/fr\/wp-json\/wp\/v2\/comments?post=5523"}],"version-history":[{"count":17,"href":"https:\/\/natureimpact.com\/fr\/wp-json\/wp\/v2\/pages\/5523\/revisions"}],"predecessor-version":[{"id":9541,"href":"https:\/\/natureimpact.com\/fr\/wp-json\/wp\/v2\/pages\/5523\/revisions\/9541"}],"up":[{"embeddable":true,"href":"https:\/\/natureimpact.com\/fr\/wp-json\/wp\/v2\/pages\/5296"}],"wp:attachment":[{"href":"https:\/\/natureimpact.com\/fr\/wp-json\/wp\/v2\/media?parent=5523"}],"curies":[{"name":"wp","href":"https:\/\/api.w.org\/{rel}","templated":true}]}}