{"id":2765,"date":"2024-03-19T07:16:13","date_gmt":"2024-03-19T07:16:13","guid":{"rendered":"https:\/\/loving-ardinghelli.77-247-67-170.plesk.page\/?page_id=2765"},"modified":"2026-02-18T09:35:49","modified_gmt":"2026-02-18T09:35:49","slug":"aarhus-i-aarhus","status":"publish","type":"page","link":"https:\/\/natureimpact.com\/da\/cases\/sedumtage\/aarhus-i-aarhus\/","title":{"rendered":"Aarhus i Aarhus"},"content":{"rendered":"<p><img decoding=\"async\" src=\"\/wp-content\/uploads\/ikon-animeret.gif\" alt=\"\"><\/p>\n<ul>\n<li>\n        <a href=\"\/da\/sedumtage\/\">Mere om sedumtaget her<\/a>\n    <\/li>\n<li>\n        <a href=\"\/da\/om-os\/download-materiale\/\">G\u00e5 til downloads<\/a>\n    <\/li>\n<\/ul>\n<h1>Gr\u00f8nt tag til det <span>nyskabende byggeri<\/span> Aarhus i Aarhus<\/h1>\n<h2>T\u00e6t p\u00e5 naturen med sedumtag<\/h2>\n<div>\n<p>I 2019 blev det nyskabende byggeri AARhus indviet p\u00e5 havnefronten i Aarhus. Arkitektfirmaet BIG st\u00e5r bag projekteringen af det 65 meter h\u00f8je, ikoniske byggeri, der rummer i alt 247 lejligheder.<\/p>\n<p>Bygningens forskudte etager og gennemt\u00e6nkte planl\u00f8sning giver alle beboere i AARhus en fantastisk udsigt til vandet eller til de smukke gr\u00f8nne tage leveret af Nature Impact.<\/p>\n<p>At beboere i AARhus skulle have naturen t\u00e6t p\u00e5, var et v\u00e6sentligt element i byggeriets design. Der skulle v\u00e6re et kig til det gr\u00f8nne, s\u00e5 by og natur var sammensmeltet i arkitekturen. For Ulla Hornsyld, landskabsarkitekt hos BIG, var l\u00f8sningen klar. Byggeriet skulle have gr\u00f8nne tage:<\/p>\n<p>\u201dDe gr\u00f8nne tage bringer naturen helt t\u00e6t p\u00e5 lejlighederne, ogs\u00e5 selvom man er i h\u00f8jden. N\u00e5r du kigger ud, m\u00f8des \u00f8jet af gr\u00f8nt og beplantning frem for sort tagpap. Det for\u00f8ger kvalitetsf\u00f8lelsen i hverdagen.\u201d<\/p>\n<p>Gr\u00f8nne tage tilf\u00f8jer noget jordn\u00e6rt til det storsl\u00e5ede byggeri med en himmelstr\u00e6bende arkitektur.<\/p>\n<\/div>\n<h2>Funktionel \u00e6stetik<\/h2>\n<div>\n<p>Det bevidste valg af gr\u00f8nne tage var udtryk for \u00f8nsket om et harmonisk samspil mellem \u00e6stetik og funktion i de udend\u00f8rs arealer.<\/p>\n<p>Gr\u00f8nne tage forbedrer desuden biodiversiteten, s\u00e5 planter, fugle og insekter trives bedre. Mikroklimaet forbedres ogs\u00e5 for beboerne i AARhus, og sedumtagene tilbageholder regnvand, s\u00e5 kloaksystemet i gadeplan ikke overbelastes.<\/p>\n<\/div>\n<div>\n<p><strong>Fakta<\/strong><br \/>By og natur smelter sammen i det nyskabende byggeri AARhus, der har gr\u00f8nt tag.<\/p>\n<p><strong>Indviet<\/strong><br \/>2019<\/p>\n<p><strong>Arkitekter<\/strong><br \/><a href=\"https:\/\/big.dk\/#projects\" target=\"_blank\" rel=\"noopener\">Bjarke Ingels Group \u2013 BIG<\/a><\/p>\n<p><strong>Entreprise<br \/><\/strong><a href=\"https:\/\/www.buus-ag.dk\/\" target=\"_blank\" rel=\"noopener\">Buus Anl\u00e6gsgartner<\/a><\/p>\n<p><strong>Leveret<\/strong><br \/>1400 m2 gr\u00f8nt tag<\/p>\n<p><strong>Type<\/strong><br \/><a href=\"\/da\/sedumtage\/nature-roof\/\">Nature Roof 60 mm<\/a><\/p>\n<\/div>\n<p><img decoding=\"async\" src=\"\/wp-content\/uploads\/2024\/03\/04062019-203.jpg\" alt=\"Gr\u00f8nt tag p\u00e5 byggeriet AARhus p\u00e5 havnefronten i \u00c5rhus\"><\/p>\n<h2>Fleksibel og smart l\u00f8sning<\/h2>\n<div>\n<p>Nature Impacts anl\u00e6gsgartnere var leverand\u00f8r af 1.400 m2 gr\u00f8nt tag til AARhus byggeriet, og denne l\u00f8sning blev valgt blandt andet p\u00e5 grund af systemets fleksibilitet, som g\u00f8r udl\u00e6gningen af et gr\u00f8nt tag b\u00e5de effektiv og sikker.<\/p>\n<p>\u201dDeres l\u00f8sning var smart og nem at arbejde med i praksis. Det gr\u00f8nne tag til AARhus er fordelt over flere st\u00f8rre og mindre arealer, s\u00e5 det var en bonus, at plantebakkerne kan sammens\u00e6ttes efter behov\u201d, siger Ulla Hornsyld.<\/p>\n<p>I Nature Impact er vi stolte af at have v\u00e6ret en lille del af AARhus, som v\u00e6kker beundring hos b\u00e5de beboere og turister p\u00e5 havnen i Aarhus.<\/p>\n<\/div>\n<h1>\n<h2 style=\"text-align: center;\">Billeder af sedumtaget i Aarhus<\/p>\n<\/h2>\n<\/h1>\n<ul>\n<li>\n<p>        <img decoding=\"async\" src=\"\/wp-content\/uploads\/2024\/03\/04062019-200.jpg\" alt=\"Det ikoniske AArhus byggeri set fra oven\"><\/p>\n<h3>04062019-200<\/h3>\n<\/li>\n<li>\n<p>        <img decoding=\"async\" src=\"\/wp-content\/uploads\/2024\/03\/04062019-203.jpg\" alt=\"De gr\u00f8nne terrasser er \u00e9t af varem\u00e6rkerne i byggeriet\"><\/p>\n<h3>04062019-203<\/h3>\n<\/li>\n<li>\n<p>        <img decoding=\"async\" src=\"\/wp-content\/uploads\/2024\/03\/04062019-206.jpg\" alt=\"Byggeriet er placeret helt t\u00e6t p\u00e5 havnefronten\"><\/p>\n<h3>04062019-206<\/h3>\n<\/li>\n<li>\n<p>        <img decoding=\"async\" src=\"\/wp-content\/uploads\/2024\/03\/04062019-209-scaled.jpg\" alt=\"I midten af Aarhus byggeriet er der ogs\u00e5 en gr\u00f8n oase\"><\/p>\n<h3>04062019-209<\/h3>\n<\/li>\n<li>\n<p>        <img decoding=\"async\" src=\"\/wp-content\/uploads\/2024\/03\/04062019-210.jpg\" alt=\"Aarhus sedumtaget er leveret af Nature Impact\"><\/p>\n<h3>04062019-210<\/h3>\n<\/li>\n<li>\n<p>        <img decoding=\"async\" src=\"\/wp-content\/uploads\/2024\/03\/04062019-212.jpg\" alt=\"De gr\u00f8nne tage bringer naturen t\u00e6t p\u00e5 lejlighederne\"><\/p>\n<h3>04062019-212<\/h3>\n<\/li>\n<li>\n<p>        <img decoding=\"async\" src=\"\/wp-content\/uploads\/2024\/03\/04062019-213.jpg\" alt=\"De gr\u00f8nne tage bidrager med noget jordn\u00e6rt til det markante byggeri\"><\/p>\n<h3>04062019-213<\/h3>\n<\/li>\n<li>\n<p>        <img decoding=\"async\" src=\"\/wp-content\/uploads\/2024\/03\/04062019-214.jpg\" alt=\"Selv set helt fra oven skiller byggeriet sig ud\"><\/p>\n<h3>04062019-214<\/h3>\n<\/li>\n<\/ul>\n<div>\n<p>        <img decoding=\"async\" src=\"\/wp-content\/uploads\/Download-ikoner_Datablad.svg\" alt=\"\"><\/p>\n<div>Datablad<\/div>\n<p><a href=\"\/pdf\/dk\/Datablad_Nature Roof_60 mm_2024.pdf\"><\/a><\/p>\n<\/div>\n<div>\n<p>        <img decoding=\"async\" src=\"\/wp-content\/uploads\/Download-ikoner_EPD.svg\" alt=\"\"><\/p>\n<div>EPD<\/div>\n<p><a href=\"\/pdf\/dk\/EPD_Nature Impact_Green roofs.pdf\"><\/a><\/p>\n<\/div>\n<div>\n<p>        <img decoding=\"async\" src=\"\/wp-content\/uploads\/Download-ikoner_Brand.svg\" alt=\"\"><\/p>\n<div>Brandgodkendelse<\/div>\n<p><a href=\"\/pdf\/dk\/60 mm Brandgodkendelse Broof(t2).pdf\"><\/a><\/p>\n<\/div>\n<div>\n<p>        <img decoding=\"async\" src=\"\/wp-content\/uploads\/2024\/03\/Trine-Rasmussen.jpg\" alt=\"\"><\/p>\n<h2>Har du sp\u00f8rgsm\u00e5l om sedumtag?<\/h2>\n<div>\n<p><strong>Trine Rasmussen<\/strong> Sales Support<br \/><a href=\"mailto:tr@natureimpact.com\">tr@natureimpact.com<\/a><br \/><a href=\"tel:+4563907214\">+45 6390 7214<\/a><\/p>\n<\/div>\n<\/div>\n<div>\n<div style=\"float:right;\">\n<span><span><a href=\"https:\/\/natureimpact.com\/da\/\">Forside<\/a><\/span><\/span>\n<\/div>\n<\/div>\n<hr>\n<p><!--more--><br \/>\n<!-- {\"type\":\"layout\",\"children\":[{\"type\":\"section\",\"props\":{\"image\":\"wp-content\\\/uploads\\\/2024\\\/03\\\/04062019-209-scaled.jpg\",\"image_position\":\"center-center\",\"image_size\":\"cover\",\"padding\":\"large\",\"padding_remove_horizontal\":true,\"style\":\"default\",\"title_breakpoint\":\"xl\",\"title_position\":\"top-left\",\"title_rotation\":\"left\",\"vertical_align\":\"\",\"width\":\"default\"},\"children\":[{\"type\":\"row\",\"children\":[{\"type\":\"column\",\"props\":{\"image_position\":\"center-center\",\"position_sticky_breakpoint\":\"m\"},\"children\":[{\"type\":\"image\",\"props\":{\"animation\":\"parallax\",\"class\":\"uk-visible@s\",\"image\":\"wp-content\\\/uploads\\\/ikon-animeret.gif\",\"image_svg_color\":\"emphasis\",\"image_width\":\"300\",\"margin\":\"\",\"parallax_y\":\"600,600\",\"position\":\"relative\",\"position_bottom\":\"-600\",\"position_left\":\"50\",\"position_z_index\":\"1\",\"text_align\":\"right\"},\"name\":\"Emblem til faktaboks\"}]}]}]},{\"type\":\"section\",\"props\":{\"image_position\":\"center-center\",\"padding\":\"large\",\"padding_remove_top\":true,\"style\":\"default\",\"title_breakpoint\":\"xl\",\"title_position\":\"top-left\",\"title_rotation\":\"left\",\"vertical_align\":\"\",\"width\":\"default\"},\"children\":[{\"type\":\"row\",\"props\":{\"column_gap\":\"large\",\"layout\":\"3-5,2-5\"},\"children\":[{\"type\":\"column\",\"props\":{\"image_position\":\"center-center\",\"padding\":\"large\",\"position_sticky_breakpoint\":\"m\",\"style\":\"tile-default\",\"width_medium\":\"3-5\"},\"children\":[{\"type\":\"subnav\",\"props\":{\"margin\":\"medium\",\"subnav_style\":\"pill\"},\"children\":[{\"type\":\"subnav_item\",\"props\":{\"content\":\"Mere om sedumtaget her\",\"link\":\"da\\\/sedumtage\\\/\"}},{\"type\":\"subnav_item\",\"props\":{\"content\":\"G\\u00e5 til downloads\",\"link\":\"da\\\/om-os\\\/download-materiale\\\/\"}}],\"name\":\"DK - subnav cases sedumtage\"},{\"type\":\"headline\",\"props\":{\"content\":\"Gr\\u00f8nt tag til det <span>nyskabende byggeri<\\\/span> Aarhus i Aarhus\",\"margin\":\"small\",\"margin_remove_bottom\":false,\"title_color\":\"warning\",\"title_element\":\"h1\",\"title_style\":\"heading-small\"}},{\"type\":\"headline\",\"props\":{\"content\":\"T\\u00e6t p\\u00e5 naturen med sedumtag\",\"margin_remove_top\":true,\"title_color\":\"primary\",\"title_element\":\"h2\",\"title_style\":\"h5\"}},{\"type\":\"text\",\"props\":{\"column_breakpoint\":\"m\",\"content\":\"\n\n<p>I 2019 blev det nyskabende byggeri AARhus indviet p\\u00e5 havnefronten i Aarhus. Arkitektfirmaet BIG st\\u00e5r bag projekteringen af det 65 meter h\\u00f8je, ikoniske byggeri, der rummer i alt 247 lejligheder.<\\\/p>\\n\n\n<p>Bygningens forskudte etager og gennemt\\u00e6nkte planl\\u00f8sning giver alle beboere i AARhus en fantastisk udsigt til vandet eller til de smukke gr\\u00f8nne tage leveret af Nature Impact.<\\\/p>\\n\n\n<p>At beboere i AARhus skulle have naturen t\\u00e6t p\\u00e5, var et v\\u00e6sentligt element i byggeriets design. Der skulle v\\u00e6re et kig til det gr\\u00f8nne, s\\u00e5 by og natur var sammensmeltet i arkitekturen. For Ulla Hornsyld, landskabsarkitekt hos BIG, var l\\u00f8sningen klar. Byggeriet skulle have gr\\u00f8nne tage:<\\\/p>\\n\n\n<p>\\u201dDe gr\\u00f8nne tage bringer naturen helt t\\u00e6t p\\u00e5 lejlighederne, ogs\\u00e5 selvom man er i h\\u00f8jden. N\\u00e5r du kigger ud, m\\u00f8des \\u00f8jet af gr\\u00f8nt og beplantning frem for sort tagpap. Det for\\u00f8ger kvalitetsf\\u00f8lelsen i hverdagen.\\u201d<\\\/p>\\n\n\n<p>Gr\\u00f8nne tage tilf\\u00f8jer noget jordn\\u00e6rt til det storsl\\u00e5ede byggeri med en himmelstr\\u00e6bende arkitektur.<\\\/p>\",\"margin\":\"default\",\"text_color\":\"emphasis\"}},{\"type\":\"headline\",\"props\":{\"content\":\"Funktionel \\u00e6stetik\",\"margin_remove_top\":true,\"title_color\":\"primary\",\"title_element\":\"h2\",\"title_style\":\"h5\"}},{\"type\":\"text\",\"props\":{\"column_breakpoint\":\"m\",\"content\":\"\n\n<p>Det bevidste valg af gr\\u00f8nne tage var udtryk for \\u00f8nsket om et harmonisk samspil mellem \\u00e6stetik og funktion i de udend\\u00f8rs arealer.<\\\/p>\\n\n\n<p>Gr\\u00f8nne tage forbedrer desuden biodiversiteten, s\\u00e5 planter, fugle og insekter trives bedre. Mikroklimaet forbedres ogs\\u00e5 for beboerne i AARhus, og sedumtagene tilbageholder regnvand, s\\u00e5 kloaksystemet i gadeplan ikke overbelastes.<\\\/p>\",\"margin\":\"default\",\"text_color\":\"emphasis\"}}]},{\"type\":\"column\",\"props\":{\"image_position\":\"center-center\",\"padding\":\"large\",\"position_sticky_breakpoint\":\"m\",\"style\":\"tile-secondary\",\"width_medium\":\"2-5\"},\"children\":[{\"type\":\"fragment\",\"props\":{\"margin\":\"default\"},\"children\":[{\"type\":\"row\",\"props\":{\"layout\":\"5-6,1-6|4-5,1-5\"},\"children\":[{\"type\":\"column\",\"props\":{\"image_position\":\"center-center\",\"position_sticky_breakpoint\":\"m\",\"width_medium\":\"5-6\",\"width_small\":\"4-5\"},\"children\":[{\"type\":\"text\",\"props\":{\"column_breakpoint\":\"m\",\"content\":\"\n\n<p><strong>Fakta<\\\/strong><br \\\/>By og natur smelter sammen i det nyskabende byggeri AARhus, der har gr\\u00f8nt tag.<\\\/p>\\n\n\n<p><strong>Indviet<\\\/strong><br \\\/>2019<\\\/p>\\n\n\n<p><strong>Arkitekter<\\\/strong><br \\\/><a href=\\\"https:\\\/\\\/big.dk\\\/#projects\\\" target=\\\"_blank\\\" rel=\\\"noopener\\\">Bjarke Ingels Group \\u2013 BIG<\\\/a><\\\/p>\\n\n\n<p><strong>Entreprise<br \\\/><\\\/strong><a href=\\\"https:\\\/\\\/www.buus-ag.dk\\\/\\\" target=\\\"_blank\\\" rel=\\\"noopener\\\">Buus Anl\\u00e6gsgartner<\\\/a><\\\/p>\\n\n\n<p><strong>Leveret<\\\/strong><br \\\/>1400 m2 gr\\u00f8nt tag<\\\/p>\\n\n\n<p><strong>Type<\\\/strong><br \\\/><a href=\\\"da\\\/sedumtage\\\/nature-roof\\\/\\\">Nature Roof 60 mm<\\\/a><\\\/p>\",\"margin\":\"default\",\"text_color\":\"emphasis\",\"text_style\":\"large\"}}]},{\"type\":\"column\",\"props\":{\"image_position\":\"center-center\",\"position_sticky_breakpoint\":\"m\",\"width_medium\":\"1-6\",\"width_small\":\"1-5\"}}]}]}]}]},{\"type\":\"row\",\"props\":{\"column_gap\":\"large\",\"layout\":\"3-5,2-5\"},\"children\":[{\"type\":\"column\",\"props\":{\"image_position\":\"center-center\",\"position_sticky_breakpoint\":\"m\",\"width_medium\":\"3-5\"},\"children\":[{\"type\":\"image\",\"props\":{\"image\":\"wp-content\\\/uploads\\\/2024\\\/03\\\/04062019-203.jpg\",\"image_alt\":\"Gr\\u00f8nt tag p\\u00e5 byggeriet AARhus p\\u00e5 havnefronten i \\u00c5rhus\",\"image_box_decoration\":\"secondary\",\"image_height\":\"900\",\"image_svg_color\":\"emphasis\",\"image_width\":\"800\",\"margin\":\"default\"}}]},{\"type\":\"column\",\"props\":{\"image_position\":\"center-center\",\"position_sticky_breakpoint\":\"m\",\"vertical_align\":\"middle\",\"width_medium\":\"2-5\"},\"children\":[{\"type\":\"headline\",\"props\":{\"content\":\"Fleksibel og smart l\\u00f8sning\",\"margin_remove_top\":true,\"title_color\":\"primary\",\"title_element\":\"h2\",\"title_style\":\"h5\"}},{\"type\":\"text\",\"props\":{\"column_breakpoint\":\"m\",\"content\":\"\n\n<p>Nature Impacts anl\\u00e6gsgartnere var leverand\\u00f8r af 1.400 m2 gr\\u00f8nt tag til AARhus byggeriet, og denne l\\u00f8sning blev valgt blandt andet p\\u00e5 grund af systemets fleksibilitet, som g\\u00f8r udl\\u00e6gningen af et gr\\u00f8nt tag b\\u00e5de effektiv og sikker.<\\\/p>\\n\n\n<p>\\u201dDeres l\\u00f8sning var smart og nem at arbejde med i praksis. Det gr\\u00f8nne tag til AARhus er fordelt over flere st\\u00f8rre og mindre arealer, s\\u00e5 det var en bonus, at plantebakkerne kan sammens\\u00e6ttes efter behov\\u201d, siger Ulla Hornsyld.<\\\/p>\\n\n\n<p>I Nature Impact er vi stolte af at have v\\u00e6ret en lille del af AARhus, som v\\u00e6kker beundring hos b\\u00e5de beboere og turister p\\u00e5 havnen i Aarhus.<\\\/p>\",\"margin\":\"default\",\"text_color\":\"emphasis\"}}]}]}]},{\"type\":\"section\",\"props\":{\"height\":\"viewport\",\"height_viewport\":80,\"image\":\"wp-content\\\/uploads\\\/2024\\\/03\\\/04062019-214.jpg\",\"image_position\":\"center-center\",\"image_size\":\"cover\",\"sticky\":\"reveal\",\"style\":\"default\",\"title_breakpoint\":\"xl\",\"title_position\":\"top-left\",\"title_rotation\":\"left\",\"vertical_align\":\"middle\",\"width\":\"\"},\"children\":[{\"type\":\"row\",\"children\":[{\"type\":\"column\",\"props\":{\"image_position\":\"center-center\",\"position_sticky_breakpoint\":\"m\"}}]}]},{\"type\":\"section\",\"props\":{\"image_position\":\"center-center\",\"padding\":\"large\",\"style\":\"default\",\"title_breakpoint\":\"xl\",\"title_position\":\"top-left\",\"title_rotation\":\"left\",\"vertical_align\":\"\",\"width\":\"\"},\"children\":[{\"type\":\"row\",\"children\":[{\"type\":\"column\",\"props\":{\"image_position\":\"center-center\",\"position_sticky_breakpoint\":\"m\"},\"children\":[{\"type\":\"headline\",\"props\":{\"content\":\"\n\n<h2 style=\\\"text-align: center;\\\">Billeder af sedumtaget i Aarhus<br \\\/><br \\\/><\\\/h2>\",\"title_element\":\"h1\"}},{\"type\":\"overlay-slider\",\"props\":{\"image_height\":\"800\",\"image_width\":\"800\",\"link_style\":\"default\",\"link_text\":\"Read more\",\"margin\":\"default\",\"meta_align\":\"below-title\",\"meta_element\":\"div\",\"meta_style\":\"text-meta\",\"nav\":\"\",\"nav_align\":\"center\",\"nav_below\":true,\"nav_breakpoint\":\"s\",\"nav_position\":\"bottom-center\",\"nav_position_margin\":\"medium\",\"overlay_mode\":\"cover\",\"overlay_position\":\"center\",\"overlay_transition\":\"fade\",\"show_content\":false,\"show_hover_image\":true,\"show_hover_video\":true,\"show_link\":true,\"show_meta\":false,\"show_title\":false,\"slidenav\":\"default\",\"slidenav_breakpoint\":\"s\",\"slidenav_margin\":\"medium\",\"slidenav_outside_breakpoint\":\"xl\",\"slider_autoplay\":true,\"slider_autoplay_interval\":\"5\",\"slider_autoplay_pause\":true,\"slider_center\":false,\"slider_gap\":\"default\",\"slider_sets\":true,\"slider_width\":\"fixed\",\"slider_width_default\":\"1-1\",\"slider_width_medium\":\"1-3\",\"text_align\":\"center\",\"text_color\":\"light\",\"title_element\":\"h3\",\"title_hover_style\":\"reset\"},\"children\":[{\"type\":\"overlay-slider_item\",\"props\":{\"image\":\"wp-content\\\/uploads\\\/2024\\\/03\\\/04062019-200.jpg\",\"image_alt\":\"Det ikoniske AArhus byggeri set fra oven\",\"title\":\"04062019-200\"}},{\"type\":\"overlay-slider_item\",\"props\":{\"image\":\"wp-content\\\/uploads\\\/2024\\\/03\\\/04062019-203.jpg\",\"image_alt\":\"De gr\\u00f8nne terrasser er \\u00e9t af varem\\u00e6rkerne i byggeriet\",\"title\":\"04062019-203\"}},{\"type\":\"overlay-slider_item\",\"props\":{\"image\":\"wp-content\\\/uploads\\\/2024\\\/03\\\/04062019-206.jpg\",\"image_alt\":\"Byggeriet er placeret helt t\\u00e6t p\\u00e5 havnefronten\",\"title\":\"04062019-206\"}},{\"type\":\"overlay-slider_item\",\"props\":{\"image\":\"wp-content\\\/uploads\\\/2024\\\/03\\\/04062019-209-scaled.jpg\",\"image_alt\":\"I midten af Aarhus byggeriet er der ogs\\u00e5 en gr\\u00f8n oase\",\"title\":\"04062019-209\"}},{\"type\":\"overlay-slider_item\",\"props\":{\"image\":\"wp-content\\\/uploads\\\/2024\\\/03\\\/04062019-210.jpg\",\"image_alt\":\"Aarhus sedumtaget er leveret af Nature Impact\",\"title\":\"04062019-210\"}},{\"type\":\"overlay-slider_item\",\"props\":{\"image\":\"wp-content\\\/uploads\\\/2024\\\/03\\\/04062019-212.jpg\",\"image_alt\":\"De gr\\u00f8nne tage bringer naturen t\\u00e6t p\\u00e5 lejlighederne\",\"title\":\"04062019-212\"}},{\"type\":\"overlay-slider_item\",\"props\":{\"image\":\"wp-content\\\/uploads\\\/2024\\\/03\\\/04062019-213.jpg\",\"image_alt\":\"De gr\\u00f8nne tage bidrager med noget jordn\\u00e6rt til det markante byggeri\",\"title\":\"04062019-213\"}},{\"type\":\"overlay-slider_item\",\"props\":{\"image\":\"wp-content\\\/uploads\\\/2024\\\/03\\\/04062019-214.jpg\",\"image_alt\":\"Selv set helt fra oven skiller byggeriet sig ud\",\"title\":\"04062019-214\"}}]}]}]}]},{\"type\":\"section\",\"props\":{\"id\":\"downloads\",\"image_position\":\"center-center\",\"padding\":\"small\",\"preserve_color\":false,\"style\":\"muted\",\"title_breakpoint\":\"xl\",\"title_position\":\"top-left\",\"title_rotation\":\"left\",\"vertical_align\":\"\",\"width\":\"default\"},\"children\":[{\"type\":\"row\",\"props\":{\"column_gap\":\"large\",\"divider\":true,\"layout\":\"1-2,1-2\"},\"children\":[{\"type\":\"column\",\"props\":{\"image_position\":\"center-center\",\"position_sticky_breakpoint\":\"m\",\"vertical_align\":\"middle\",\"width_medium\":\"1-2\"},\"children\":[{\"type\":\"fragment\",\"props\":{\"margin\":\"default\"},\"children\":[{\"type\":\"row\",\"props\":{\"layout\":\"1-3,1-3,1-3\"},\"children\":[{\"type\":\"column\",\"props\":{\"image_position\":\"center-center\",\"position_sticky_breakpoint\":\"m\",\"width_medium\":\"1-3\"},\"children\":[{\"type\":\"panel\",\"props\":{\"content_column_breakpoint\":\"m\",\"icon_width\":80,\"image\":\"wp-content\\\/uploads\\\/Download-ikoner_Datablad.svg\",\"image_align\":\"top\",\"image_grid_breakpoint\":\"m\",\"image_grid_width\":\"1-2\",\"image_height\":\"50\",\"image_svg_animate\":false,\"image_svg_color\":\"\",\"image_svg_inline\":true,\"image_transition\":\"scale-up\",\"link\":\"\\\/pdf\\\/dk\\\/Datablad_Nature Roof_60 mm_2024.pdf\",\"link_style\":\"default\",\"link_text\":\"\",\"margin\":\"default\",\"meta_align\":\"below-title\",\"meta_element\":\"div\",\"meta_style\":\"text-meta\",\"panel_link\":true,\"text_align\":\"center\",\"title\":\"Datablad\",\"title_align\":\"top\",\"title_element\":\"div\",\"title_grid_breakpoint\":\"m\",\"title_grid_width\":\"1-2\",\"title_hover_style\":\"reset\",\"title_style\":\"h5\"},\"name\":\"Datablad\"}]},{\"type\":\"column\",\"props\":{\"image_position\":\"center-center\",\"position_sticky_breakpoint\":\"m\",\"width_medium\":\"1-3\"},\"children\":[{\"type\":\"panel\",\"props\":{\"content_column_breakpoint\":\"m\",\"icon_width\":80,\"image\":\"wp-content\\\/uploads\\\/Download-ikoner_EPD.svg\",\"image_align\":\"top\",\"image_grid_breakpoint\":\"m\",\"image_grid_width\":\"1-2\",\"image_height\":\"50\",\"image_svg_animate\":false,\"image_svg_color\":\"\",\"image_svg_inline\":true,\"image_transition\":\"scale-up\",\"link\":\"\\\/pdf\\\/dk\\\/EPD_Nature Impact_Green roofs.pdf\",\"link_style\":\"default\",\"link_text\":\"\",\"margin\":\"default\",\"meta_align\":\"below-title\",\"meta_element\":\"div\",\"meta_style\":\"text-meta\",\"panel_link\":true,\"text_align\":\"center\",\"title\":\"EPD\",\"title_align\":\"top\",\"title_element\":\"div\",\"title_grid_breakpoint\":\"m\",\"title_grid_width\":\"1-2\",\"title_hover_style\":\"reset\",\"title_style\":\"h5\"},\"name\":\"EPD\"}]},{\"type\":\"column\",\"props\":{\"image_position\":\"center-center\",\"position_sticky_breakpoint\":\"m\",\"width_medium\":\"1-3\"},\"children\":[{\"type\":\"panel\",\"props\":{\"content_column_breakpoint\":\"m\",\"icon_width\":80,\"image\":\"wp-content\\\/uploads\\\/Download-ikoner_Brand.svg\",\"image_align\":\"top\",\"image_grid_breakpoint\":\"m\",\"image_grid_width\":\"1-2\",\"image_height\":\"50\",\"image_svg_animate\":false,\"image_svg_color\":\"\",\"image_svg_inline\":true,\"image_transition\":\"scale-up\",\"link\":\"\\\/pdf\\\/dk\\\/60 mm Brandgodkendelse Broof(t2).pdf\",\"link_style\":\"default\",\"link_text\":\"\",\"margin\":\"default\",\"meta_align\":\"below-title\",\"meta_element\":\"div\",\"meta_style\":\"text-meta\",\"panel_link\":true,\"text_align\":\"center\",\"title\":\"Brandgodkendelse\",\"title_align\":\"top\",\"title_element\":\"div\",\"title_grid_breakpoint\":\"m\",\"title_grid_width\":\"1-2\",\"title_hover_style\":\"reset\",\"title_style\":\"h5\"},\"name\":\"Brand\"}]}]}]}]},{\"type\":\"column\",\"props\":{\"image_position\":\"center-center\",\"position_sticky_breakpoint\":\"m\",\"vertical_align\":\"middle\",\"width_medium\":\"1-2\"},\"children\":[{\"type\":\"panel\",\"props\":{\"content\":\"\n\n<p><strong>Trine Rasmussen<\\\/strong> Sales Support<br \\\/><a href=\\\"mailto:tr@natureimpact.com\\\">tr@natureimpact.com<\\\/a><br \\\/><a href=\\\"tel:+4563907214\\\">+45 6390 7214<\\\/a><\\\/p>\",\"content_column_breakpoint\":\"m\",\"content_margin\":\"small\",\"icon_width\":80,\"image\":\"wp-content\\\/uploads\\\/2024\\\/03\\\/Trine-Rasmussen.jpg\",\"image_align\":\"left\",\"image_box_decoration\":\"shadow\",\"image_box_shadow\":\"xlarge\",\"image_grid_breakpoint\":\"m\",\"image_grid_width\":\"1-3\",\"image_height\":550,\"image_svg_color\":\"emphasis\",\"image_vertical_align\":true,\"image_width\":500,\"link_style\":\"default\",\"link_text\":\"Read more\",\"margin\":\"default\",\"meta_align\":\"below-title\",\"meta_element\":\"div\",\"meta_style\":\"text-meta\",\"panel_image_no_padding\":false,\"title\":\"Har du sp\\u00f8rgsm\\u00e5l om sedumtag?\",\"title_align\":\"top\",\"title_element\":\"h2\",\"title_grid_breakpoint\":\"m\",\"title_grid_width\":\"1-2\",\"title_hover_style\":\"reset\",\"title_style\":\"h5\"},\"name\":\"SP - Trine\"}]}]}],\"name\":\"Download bj\\u00e6lke i bund - Roof 60 mm + Poul Erik\"},{\"type\":\"section\",\"props\":{\"image_position\":\"center-center\",\"padding\":\"xsmall\",\"style\":\"primary\",\"title_breakpoint\":\"xl\",\"title_position\":\"top-left\",\"title_rotation\":\"left\",\"vertical_align\":\"middle\",\"width\":\"default\"},\"children\":[{\"type\":\"row\",\"children\":[{\"type\":\"column\",\"props\":{\"image_position\":\"center-center\",\"position_sticky_breakpoint\":\"m\"},\"children\":[{\"type\":\"html\",\"props\":{\"content\":\"\\n\n\n<div style=\\\"float:right;\\\">\\n[wpseo_breadcrumb]\\n<\\\/div>\"}}]}]},{\"type\":\"row\",\"props\":{\"margin\":\"small\",\"margin_remove_top\":false},\"children\":[{\"type\":\"column\",\"props\":{\"image_position\":\"center-center\",\"position_sticky_breakpoint\":\"m\"},\"children\":[{\"type\":\"divider\",\"props\":{\"divider_element\":\"hr\"}}]}]}],\"name\":\"Yoast br\\u00f8dkrumme over footer\"}],\"version\":\"4.5.33\"} --><\/p>\n","protected":false},"excerpt":{"rendered":"<p>Mere om sedumtaget her G\u00e5 til downloads Gr\u00f8nt tag til det nyskabende byggeri Aarhus i Aarhus T\u00e6t p\u00e5 naturen med sedumtag I 2019 blev det nyskabende byggeri AARhus indviet p\u00e5 havnefronten i Aarhus. Arkitektfirmaet BIG st\u00e5r bag projekteringen af det 65 meter h\u00f8je, ikoniske byggeri, der rummer i alt 247 lejligheder. Bygningens forskudte etager og [&hellip;]<\/p>\n","protected":false},"author":1,"featured_media":0,"parent":2282,"menu_order":0,"comment_status":"closed","ping_status":"closed","template":"","meta":{"_acf_changed":false,"footnotes":""},"class_list":["post-2765","page","type-page","status-publish","hentry"],"acf":[],"yoast_head":"<!-- This site is optimized with the Yoast SEO plugin v27.4 - https:\/\/yoast.com\/product\/yoast-seo-wordpress\/ -->\n<title>AARhus I Aarhus - 1400 m2 gr\u00f8nt sedumtag fra anl\u00e6gsgartnere<\/title>\n<meta name=\"description\" content=\"B\u00e6redygtigt byggeri i hjertet af \u00c5rhus med moderne gr\u00f8nne tage t\u00e6nkt ind i l\u00f8sningerne. Se casen fra Nature Impact og lad dig inspirere her!\" \/>\n<meta name=\"robots\" content=\"index, follow, max-snippet:-1, max-image-preview:large, max-video-preview:-1\" \/>\n<link rel=\"canonical\" href=\"https:\/\/natureimpact.com\/da\/cases\/sedumtage\/aarhus-i-aarhus\/\" \/>\n<meta property=\"og:locale\" content=\"da_DK\" \/>\n<meta property=\"og:type\" content=\"article\" \/>\n<meta property=\"og:title\" content=\"AARhus I Aarhus - 1400 m2 gr\u00f8nt sedumtag fra anl\u00e6gsgartnere\" \/>\n<meta property=\"og:description\" content=\"B\u00e6redygtigt byggeri i hjertet af \u00c5rhus med moderne gr\u00f8nne tage t\u00e6nkt ind i l\u00f8sningerne. Se casen fra Nature Impact og lad dig inspirere her!\" \/>\n<meta property=\"og:url\" content=\"https:\/\/natureimpact.com\/da\/cases\/sedumtage\/aarhus-i-aarhus\/\" \/>\n<meta property=\"og:site_name\" content=\"Nature Impact\" \/>\n<meta property=\"article:modified_time\" content=\"2026-02-18T09:35:49+00:00\" \/>\n<meta property=\"og:image\" content=\"https:\/\/natureimpact.com\/wp-content\/uploads\/2023\/12\/NI_900px.png\" \/>\n\t<meta property=\"og:image:width\" content=\"929\" \/>\n\t<meta property=\"og:image:height\" content=\"841\" \/>\n\t<meta property=\"og:image:type\" content=\"image\/png\" \/>\n<meta name=\"twitter:card\" content=\"summary_large_image\" \/>\n<meta name=\"twitter:label1\" content=\"Estimeret l\u00e6setid\" \/>\n\t<meta name=\"twitter:data1\" content=\"5 minutter\" \/>\n<script type=\"application\/ld+json\" class=\"yoast-schema-graph\">{\"@context\":\"https:\\\/\\\/schema.org\",\"@graph\":[{\"@type\":\"WebPage\",\"@id\":\"https:\\\/\\\/natureimpact.com\\\/da\\\/cases\\\/sedumtage\\\/aarhus-i-aarhus\\\/\",\"url\":\"https:\\\/\\\/natureimpact.com\\\/da\\\/cases\\\/sedumtage\\\/aarhus-i-aarhus\\\/\",\"name\":\"AARhus I Aarhus - 1400 m2 gr\u00f8nt sedumtag fra anl\u00e6gsgartnere\",\"isPartOf\":{\"@id\":\"https:\\\/\\\/natureimpact.com\\\/da\\\/#website\"},\"datePublished\":\"2024-03-19T07:16:13+00:00\",\"dateModified\":\"2026-02-18T09:35:49+00:00\",\"description\":\"B\u00e6redygtigt byggeri i hjertet af \u00c5rhus med moderne gr\u00f8nne tage t\u00e6nkt ind i l\u00f8sningerne. Se casen fra Nature Impact og lad dig inspirere her!\",\"breadcrumb\":{\"@id\":\"https:\\\/\\\/natureimpact.com\\\/da\\\/cases\\\/sedumtage\\\/aarhus-i-aarhus\\\/#breadcrumb\"},\"inLanguage\":\"da-DK\",\"potentialAction\":[{\"@type\":\"ReadAction\",\"target\":[\"https:\\\/\\\/natureimpact.com\\\/da\\\/cases\\\/sedumtage\\\/aarhus-i-aarhus\\\/\"]}]},{\"@type\":\"BreadcrumbList\",\"@id\":\"https:\\\/\\\/natureimpact.com\\\/da\\\/cases\\\/sedumtage\\\/aarhus-i-aarhus\\\/#breadcrumb\",\"itemListElement\":[{\"@type\":\"ListItem\",\"position\":1,\"name\":\"Forside\",\"item\":\"https:\\\/\\\/natureimpact.com\\\/da\\\/\"},{\"@type\":\"ListItem\",\"position\":2,\"name\":\"Cases\",\"item\":\"https:\\\/\\\/natureimpact.com\\\/da\\\/cases\\\/\"},{\"@type\":\"ListItem\",\"position\":3,\"name\":\"Cases Gr\u00f8nne tage\",\"item\":\"https:\\\/\\\/natureimpact.com\\\/da\\\/cases\\\/sedumtage\\\/\"},{\"@type\":\"ListItem\",\"position\":4,\"name\":\"Aarhus i Aarhus\"}]},{\"@type\":\"WebSite\",\"@id\":\"https:\\\/\\\/natureimpact.com\\\/da\\\/#website\",\"url\":\"https:\\\/\\\/natureimpact.com\\\/da\\\/\",\"name\":\"Nature Impact\",\"description\":\"\",\"publisher\":{\"@id\":\"https:\\\/\\\/natureimpact.com\\\/da\\\/#organization\"},\"potentialAction\":[{\"@type\":\"SearchAction\",\"target\":{\"@type\":\"EntryPoint\",\"urlTemplate\":\"https:\\\/\\\/natureimpact.com\\\/da\\\/?s={search_term_string}\"},\"query-input\":{\"@type\":\"PropertyValueSpecification\",\"valueRequired\":true,\"valueName\":\"search_term_string\"}}],\"inLanguage\":\"da-DK\"},{\"@type\":\"Organization\",\"@id\":\"https:\\\/\\\/natureimpact.com\\\/da\\\/#organization\",\"name\":\"Nature Impact\",\"url\":\"https:\\\/\\\/natureimpact.com\\\/da\\\/\",\"logo\":{\"@type\":\"ImageObject\",\"inLanguage\":\"da-DK\",\"@id\":\"https:\\\/\\\/natureimpact.com\\\/da\\\/#\\\/schema\\\/logo\\\/image\\\/\",\"url\":\"https:\\\/\\\/natureimpact.com\\\/wp-content\\\/uploads\\\/2025\\\/05\\\/NI_900px.png\",\"contentUrl\":\"https:\\\/\\\/natureimpact.com\\\/wp-content\\\/uploads\\\/2025\\\/05\\\/NI_900px.png\",\"width\":929,\"height\":841,\"caption\":\"Nature Impact\"},\"image\":{\"@id\":\"https:\\\/\\\/natureimpact.com\\\/da\\\/#\\\/schema\\\/logo\\\/image\\\/\"}}]}<\/script>\n<!-- \/ Yoast SEO plugin. -->","yoast_head_json":{"title":"AARhus I Aarhus - 1400 m2 gr\u00f8nt sedumtag fra anl\u00e6gsgartnere","description":"B\u00e6redygtigt byggeri i hjertet af \u00c5rhus med moderne gr\u00f8nne tage t\u00e6nkt ind i l\u00f8sningerne. Se casen fra Nature Impact og lad dig inspirere her!","robots":{"index":"index","follow":"follow","max-snippet":"max-snippet:-1","max-image-preview":"max-image-preview:large","max-video-preview":"max-video-preview:-1"},"canonical":"https:\/\/natureimpact.com\/da\/cases\/sedumtage\/aarhus-i-aarhus\/","og_locale":"da_DK","og_type":"article","og_title":"AARhus I Aarhus - 1400 m2 gr\u00f8nt sedumtag fra anl\u00e6gsgartnere","og_description":"B\u00e6redygtigt byggeri i hjertet af \u00c5rhus med moderne gr\u00f8nne tage t\u00e6nkt ind i l\u00f8sningerne. Se casen fra Nature Impact og lad dig inspirere her!","og_url":"https:\/\/natureimpact.com\/da\/cases\/sedumtage\/aarhus-i-aarhus\/","og_site_name":"Nature Impact","article_modified_time":"2026-02-18T09:35:49+00:00","og_image":[{"width":929,"height":841,"url":"https:\/\/natureimpact.com\/wp-content\/uploads\/2023\/12\/NI_900px.png","type":"image\/png"}],"twitter_card":"summary_large_image","twitter_misc":{"Estimeret l\u00e6setid":"5 minutter"},"schema":{"@context":"https:\/\/schema.org","@graph":[{"@type":"WebPage","@id":"https:\/\/natureimpact.com\/da\/cases\/sedumtage\/aarhus-i-aarhus\/","url":"https:\/\/natureimpact.com\/da\/cases\/sedumtage\/aarhus-i-aarhus\/","name":"AARhus I Aarhus - 1400 m2 gr\u00f8nt sedumtag fra anl\u00e6gsgartnere","isPartOf":{"@id":"https:\/\/natureimpact.com\/da\/#website"},"datePublished":"2024-03-19T07:16:13+00:00","dateModified":"2026-02-18T09:35:49+00:00","description":"B\u00e6redygtigt byggeri i hjertet af \u00c5rhus med moderne gr\u00f8nne tage t\u00e6nkt ind i l\u00f8sningerne. Se casen fra Nature Impact og lad dig inspirere her!","breadcrumb":{"@id":"https:\/\/natureimpact.com\/da\/cases\/sedumtage\/aarhus-i-aarhus\/#breadcrumb"},"inLanguage":"da-DK","potentialAction":[{"@type":"ReadAction","target":["https:\/\/natureimpact.com\/da\/cases\/sedumtage\/aarhus-i-aarhus\/"]}]},{"@type":"BreadcrumbList","@id":"https:\/\/natureimpact.com\/da\/cases\/sedumtage\/aarhus-i-aarhus\/#breadcrumb","itemListElement":[{"@type":"ListItem","position":1,"name":"Forside","item":"https:\/\/natureimpact.com\/da\/"},{"@type":"ListItem","position":2,"name":"Cases","item":"https:\/\/natureimpact.com\/da\/cases\/"},{"@type":"ListItem","position":3,"name":"Cases Gr\u00f8nne tage","item":"https:\/\/natureimpact.com\/da\/cases\/sedumtage\/"},{"@type":"ListItem","position":4,"name":"Aarhus i Aarhus"}]},{"@type":"WebSite","@id":"https:\/\/natureimpact.com\/da\/#website","url":"https:\/\/natureimpact.com\/da\/","name":"Nature Impact","description":"","publisher":{"@id":"https:\/\/natureimpact.com\/da\/#organization"},"potentialAction":[{"@type":"SearchAction","target":{"@type":"EntryPoint","urlTemplate":"https:\/\/natureimpact.com\/da\/?s={search_term_string}"},"query-input":{"@type":"PropertyValueSpecification","valueRequired":true,"valueName":"search_term_string"}}],"inLanguage":"da-DK"},{"@type":"Organization","@id":"https:\/\/natureimpact.com\/da\/#organization","name":"Nature Impact","url":"https:\/\/natureimpact.com\/da\/","logo":{"@type":"ImageObject","inLanguage":"da-DK","@id":"https:\/\/natureimpact.com\/da\/#\/schema\/logo\/image\/","url":"https:\/\/natureimpact.com\/wp-content\/uploads\/2025\/05\/NI_900px.png","contentUrl":"https:\/\/natureimpact.com\/wp-content\/uploads\/2025\/05\/NI_900px.png","width":929,"height":841,"caption":"Nature Impact"},"image":{"@id":"https:\/\/natureimpact.com\/da\/#\/schema\/logo\/image\/"}}]}},"_links":{"self":[{"href":"https:\/\/natureimpact.com\/da\/wp-json\/wp\/v2\/pages\/2765","targetHints":{"allow":["GET"]}}],"collection":[{"href":"https:\/\/natureimpact.com\/da\/wp-json\/wp\/v2\/pages"}],"about":[{"href":"https:\/\/natureimpact.com\/da\/wp-json\/wp\/v2\/types\/page"}],"author":[{"embeddable":true,"href":"https:\/\/natureimpact.com\/da\/wp-json\/wp\/v2\/users\/1"}],"replies":[{"embeddable":true,"href":"https:\/\/natureimpact.com\/da\/wp-json\/wp\/v2\/comments?post=2765"}],"version-history":[{"count":55,"href":"https:\/\/natureimpact.com\/da\/wp-json\/wp\/v2\/pages\/2765\/revisions"}],"predecessor-version":[{"id":9299,"href":"https:\/\/natureimpact.com\/da\/wp-json\/wp\/v2\/pages\/2765\/revisions\/9299"}],"up":[{"embeddable":true,"href":"https:\/\/natureimpact.com\/da\/wp-json\/wp\/v2\/pages\/2282"}],"wp:attachment":[{"href":"https:\/\/natureimpact.com\/da\/wp-json\/wp\/v2\/media?parent=2765"}],"curies":[{"name":"wp","href":"https:\/\/api.w.org\/{rel}","templated":true}]}}